{"id":114,"date":"2021-08-30T13:53:07","date_gmt":"2021-08-30T16:53:07","guid":{"rendered":"https:\/\/pruebas.museodelamemoria.cl\/epistolario_2021\/?page_id=114"},"modified":"2021-09-13T12:58:05","modified_gmt":"2021-09-13T15:58:05","slug":"equipo-de-trabajo","status":"publish","type":"page","link":"https:\/\/epistolariodelamemoria.cl\/2021\/equipo-de-trabajo\/","title":{"rendered":"Equipo de Trabajo"},"content":{"rendered":"\n<p><strong>Epistolaria de la Memoria es un proyecto creado por el Museo de la Memoria y los Derechos Humanos y RACH\/CICAF.<\/strong><\/p>\n\n\n\n<p><strong><u>Equipo Museo de la Memoria y los Derechos Humanos<\/u><\/strong><\/p>\n\n\n\n<p><strong>Coordinaci\u00f3n general<\/strong>:&nbsp;Alejandra Ibarra Arriagada<\/p>\n\n\n\n<p><strong>Producci\u00f3n:<\/strong> Ang\u00e8le Gay Chaumet, Catalina Venegas Gacit\u00faa, Bruno Alarc\u00f3n Ramos, Gustavo Cofr\u00e9 Zamora, Camilo Parada Ortiz.<\/p>\n\n\n\n<p><strong>Recopilaci\u00f3n de cartas<\/strong>: Mar\u00eda Luisa Ortiz Rojas, Daniela Fuentealba Rubio, Walter Roblero Villal\u00f3n, Ver\u00f3nica S\u00e1nchez Ulloa, Soledad D\u00edaz de los Reyes, Soledad Aguirre Evangelista y Rodolfo Ibarra Soto.<\/p>\n\n\n\n<p><strong>Investigaci\u00f3n y redacci\u00f3n <\/strong><strong>rese\u00f1as de v\u00edctimas<\/strong>: Mar\u00eda Luisa Ortiz Rojas y Walter Roblero Villal\u00f3n.<\/p>\n\n\n\n<p><strong>Desarrollo web<\/strong>: Jorge Albornoz Mu\u00f1oz.<\/p>\n\n\n\n<p><strong>Apoyo dise\u00f1o web:<\/strong> Francisco Herreros Veliz.<\/p>\n\n\n\n<p><strong>Edici\u00f3n cr\u00e9ditos finales lecturas<\/strong>: Jos\u00e9 Manuel Rodr\u00edguez Leal.<\/p>\n\n\n\n<p><strong>Comunicaciones y difusi\u00f3n<\/strong>: Paulina Vera Puz, Valentina Vargas Morales y Diego Bahamondes Ayala.<\/p>\n\n\n\n<p><strong>\u00c1rea de Colecciones e Investigaci\u00f3n<\/strong>: Crist\u00f3bal Aguayo Godoy, Daniela Fuentealba Rubio, Jos\u00e9 Manuel Rodr\u00edguez Leal, Juan Carlos Vega Briones, Mar\u00eda Luisa Ortiz Rojas, Miguel Carrasco Tapia, Noah Salazar Villalobos, Soledad D\u00edaz de los Reyes, Rodolfo Andr\u00e9s Ibarra Soto, Soledad Aguirre Evangelista, Ver\u00f3nica S\u00e1nchez Ulloa, Vilma Ru\u00edz Ortiz y Walter Roblero Villal\u00f3n<\/p>\n\n\n\n<p><strong><u>Equip<\/u><\/strong><strong><u>A RACH y CICAF<\/u><\/strong><\/p>\n\n\n\n<p>Casandra Day C\u00e1ceres, Ximena Carrera Venegas, Alexandra Ellwanger Alfaro, Anal\u00ed Mu\u00f1oz Dahm, Ignacia Santa Mar\u00eda, Alejandra Cabrera Monz\u00e1lvez, Daniela Dur\u00e1n Cornejo, B\u00e1rbara Isabel Santander Palma, Daniela Venegas Paredes, B\u00e1rbara L\u00f3pez Ruiz, Pen\u00e9lope Fortunatti Quezada, Daniela Baeza Jofr\u00e9, Jennifer Blamey Rodr\u00edguez, Laura Paulina Mardones Ram\u00edrez, Paula Jorquera Badilla, Carolina Torrealba Millar, Luz Mar\u00eda Eynaudi Jerez, Ana Laura Racz Racz, Pamela Orozco Donoso, Consuelo Zamorano Cadenas, Constanza Cordero Barrientos, Yvy Reyes Rojas, Anastasia Trujillo Lacombe, Luciana Echeverr\u00eda Christie, Bel\u00e9n Blaise Mars\u00e1, Daniela Eichin Quintana, Viviana Hern\u00e1ndez Polanco, Victoria Paz Iglesias \u00c1lvarez de Araya, Karen Carre\u00f1o Rivera, Luciana Duarte Labarca, Constanza Saade Fa\u00fandes, Josefina Becerra Santib\u00e1\u00f1ez, Antonella Mar\u00edn Quintero, Loreto Leiva Cabezas, Valentina Barrios Olea, Catalina Aguayo Garc\u00eda-Huidobro, Sof\u00eda Zagal Garc\u00eda, Paola Lattus Ramos, Valeria Jara Berardi, Camila Casanova Andrade, Pamela Garc\u00eda Y\u00e9venes, Leonora Hidalgo Araneda, Cecilia Az\u00f3car Roa, Lorena Ram\u00edrez Flores, Pamela N\u00fa\u00f1ez&nbsp; Baeza, Viviana Saavedra Ser\u00f3n, Mar\u00eda Jos\u00e9 Moya Silva, Carla Casali Escudero, Paulina Moraga Mena, Mar\u00eda Figueroa Mardones, Fabiola Ortiz Moyano, Nicole Mansilla Romero, Marcela Millie Soto, Romina Urbina Briones, Carolina Soto Arcos, Gabriela Arancibia Galdames, Marcela Cerda Aguirre, Samantha S\u00e1nchez Garc\u00eda, Trinidad Quito Bravo, Scarlett Carrasco Galleguillos, Sol de Caso Gazmuri, Ana Silva Wood, Lisseth Dur\u00e1n Rodr\u00edguez, Karina Pizarro Lagomarsino, Estefan\u00eda Villalobos Vergara, Claudio Barraza Leiva, Daniela Castillo Toro, Macarena Fuentes Mardones, Tamara Ferreira, Fedra Vergara Villegas, Amalia Kassai, Paola Arancibia Coradines, In\u00e9s Emperatriz Bascu\u00f1\u00e1n P\u00e9rez.<\/p>\n","protected":false},"excerpt":{"rendered":"<p>Epistolaria de la Memoria es un proyecto creado por el Museo de la Memoria y los Derechos Humanos y RACH\/CICAF. Equipo Museo de la Memoria y los Derechos Humanos Coordinaci\u00f3n [&hellip;]<\/p>\n","protected":false},"author":1,"featured_media":0,"parent":0,"menu_order":0,"comment_status":"closed","ping_status":"closed","template":"","meta":{"footnotes":""},"class_list":["post-114","page","type-page","status-publish","hentry"],"_links":{"self":[{"href":"https:\/\/epistolariodelamemoria.cl\/2021\/wp-json\/wp\/v2\/pages\/114","targetHints":{"allow":["GET"]}}],"collection":[{"href":"https:\/\/epistolariodelamemoria.cl\/2021\/wp-json\/wp\/v2\/pages"}],"about":[{"href":"https:\/\/epistolariodelamemoria.cl\/2021\/wp-json\/wp\/v2\/types\/page"}],"author":[{"embeddable":true,"href":"https:\/\/epistolariodelamemoria.cl\/2021\/wp-json\/wp\/v2\/users\/1"}],"replies":[{"embeddable":true,"href":"https:\/\/epistolariodelamemoria.cl\/2021\/wp-json\/wp\/v2\/comments?post=114"}],"version-history":[{"count":3,"href":"https:\/\/epistolariodelamemoria.cl\/2021\/wp-json\/wp\/v2\/pages\/114\/revisions"}],"predecessor-version":[{"id":697,"href":"https:\/\/epistolariodelamemoria.cl\/2021\/wp-json\/wp\/v2\/pages\/114\/revisions\/697"}],"wp:attachment":[{"href":"https:\/\/epistolariodelamemoria.cl\/2021\/wp-json\/wp\/v2\/media?parent=114"}],"curies":[{"name":"wp","href":"https:\/\/api.w.org\/{rel}","templated":true}]}}