{"id":6,"date":"2021-08-25T13:27:41","date_gmt":"2021-08-25T16:27:41","guid":{"rendered":"https:\/\/pruebas.museodelamemoria.cl\/epistolario_2021\/?page_id=6"},"modified":"2021-11-19T14:09:35","modified_gmt":"2021-11-19T17:09:35","slug":"beautiful-portfolios-for-exceptional-creatives","status":"publish","type":"page","link":"https:\/\/epistolariodelamemoria.cl\/2021\/","title":{"rendered":""},"content":{"rendered":"\n<p><\/p>\n\n\n\n<p><\/p>\n\n\n\n\n\t\t\n\t\t\t\t<style>\n\n\t\t\t\t\n\n\t\t\t\t\t#tab_container_44 {\n\toverflow:hidden;\n\tdisplay:block;\n\twidth:100%;\n\tborder:0px solid #ddd;\n\tmargin-bottom:30px;\n\t}\n\n#tab_container_44 .tab-content{\n\tpadding:20px;\n\tborder: 1px solid #e6e6e6 !important;\n\tmargin-top: 0px;\n\tbackground-color:#ffffff !important;\n\tcolor: #000000 !important;\n\tfont-size:16px !important;\n\tfont-family: Open Sans !important;\n\t\n\t\t\tborder: 0px solid #e6e6e6 !important;\n\t\t\n\t}\n#tab_container_44 .wpsm_nav-tabs {\n    border-bottom: 0px solid #ddd;\n}\n#tab_container_44 .wpsm_nav-tabs > li.active > a, #tab_container_44 .wpsm_nav-tabs > li.active > a:hover, #tab_container_44 .wpsm_nav-tabs > li.active > a:focus {\n\tcolor: #dac0db !important;\n\tcursor: default;\n\tbackground-color: #944c8c !important;\n\tborder: 1px solid #7b3373 !important;\n}\n\n#tab_container_44 .wpsm_nav-tabs > li > a {\n    margin-right: 0px !important; \n    line-height: 1.42857143 !important;\n    border: 1px solid #d9c7da !important;\n    border-radius: 0px 0px 0 0 !important; \n\tbackground-color: #ecdaed !important;\n\tcolor: #b28bb7 !important;\n\tpadding: 15px 18px 15px 18px !important;\n\ttext-decoration: none !important;\n\tfont-size: 20px !important;\n\ttext-align:center !important;\n\tfont-family: Open Sans !important;\n}\n#tab_container_44 .wpsm_nav-tabs > li > a:focus {\noutline: 0px !important;\n}\n\n#tab_container_44 .wpsm_nav-tabs > li > a:before {\n\tdisplay:none !important;\n}\n#tab_container_44 .wpsm_nav-tabs > li > a:after {\n\tdisplay:none !important ;\n}\n#tab_container_44 .wpsm_nav-tabs > li{\npadding:0px !important ;\nmargin:0px;\n}\n\n#tab_container_44 .wpsm_nav-tabs > li > a:hover , #tab_container_44 .wpsm_nav-tabs > li > a:focus {\n    color: #b28bb7 !important;\n    background-color: #ecdaed !important;\n\tborder: 1px solid #d9c7da !important;\n\t\n}\n#tab_container_44 .wpsm_nav-tabs > li > a .fa{\n\nmargin-right:5px !important;\n\nmargin-left:5px !important;\n\n\n}\n\n\t\t#tab_container_44 .wpsm_nav-tabs a{\n\t\t\tbackground-image: url(https:\/\/epistolariodelamemoria.cl\/2021\/wp-content\/plugins\/tabs-responsive\/assets\/images\/style-soft.png);\n\t\t\tbackground-position: 0 0;\n\t\t\tbackground-repeat: repeat-x;\n\t\t}\n\t\t\t\n\n\n#tab_container_44 .wpsm_nav-tabs > li {\n    float: left;\n    margin-bottom: -1px !important;\n\tmargin-right:0px !important; \n}\n\n\n#tab_container_44 .tab-content{\noverflow:hidden !important;\n}\n\n\n@media (min-width: 769px) {\n\n\t#tab_container_44 .wpsm_nav-tabs > li{\n\t\tfloat:left !important ;\n\t\t\t\tmargin-right:-1px !important;\n\t\t\t\t\t}\n\t#tab_container_44 .wpsm_nav-tabs{\n\t\tfloat:none !important;\n\t\tmargin:0px !important;\n\t}\n\n\t#tab_container_44 .wpsm_nav-tabs > li {\n\t\t\t\t\t\t\t\t\tmargin-right: 8px !important;\n\t\t\t\t\n\t\t\t\t\n\t\t\t\t\n\t}\n\t#tab_container_44 .wpsm_nav{\n\t\t\t\tmargin-bottom: 8px !important;\n\t\t\t}\n\n}\n\n\n\n@media (max-width: 768px) {\n\t#tab_container_44 .wpsm_nav-tabs > li {\n\t\t\t\tmargin-bottom: 8px !important;\n\t\tmargin-right:0px !important;\n\t\tmargin-left:0px !important;\n\t\t\t\t\n\t}\n\t#tab_container_44 .wpsm_nav{\n\t\t\t\tmargin-bottom: 8px !important;\n\t\tmargin-right:0px !important;\n\t\tmargin-left:0px !important;\n\t\t\t}\n}\n\n\n\t.wpsm_nav-tabs li:before{\n\t\tdisplay:none !important;\n\t}\n\n\t@media (max-width: 768px) {\n\t\t\t\t\n\t\t\t\t\t\n\t\t\t#tab_container_44 .wpsm_nav-tabs  li  a  i{\n\t\t\t\tdisplay: none !important;\n\t\t\t}\n\t\t\t\n\t\t\t\t.wpsm_nav-tabs{\n\t\t\tmargin-left:0px !important;\n\t\t\tmargin-right:0px !important; \n\t\t\t\n\t\t}\n\t\t\t\t#tab_container_44 .wpsm_nav-tabs > li{\n\t\t\tfloat:none !important;\n\t\t}\n\t\t\t\n\t}\n.row:after {\r\n  content: \"\";\r\n  display: table;\r\n  clear: both;\r\n}\r\n\r\n#tab_container_44 {\r\nfont-family: work sans !important;\r\n}\r\n\r\n.container {\r\n  position: relative;\r\n  width: 90%;\r\n  padding-left:15px;\r\n  height: 148px;\r\n}\r\n.overlay {\r\n  position: absolute;\r\n  top: 0;\r\n  bottom: 10px;\r\n  left: 15px;\r\n  right: 0px;\r\n  height: 93%;\r\n  \/*width: 100%;*\/\r\n  opacity: 0;\r\n  transition: .5s ease;\r\n  background-color: #944c8c;\r\n}\r\n\r\n.overlaylect {\r\n  position: absolute;\r\n  top: 0;\r\n  bottom: 10px;\r\n  left: 15px;\r\n  right: 0;\r\n  height: 101%;\r\n  width: 87%;\r\n  opacity: 0;\r\n  transition: .5s ease;\r\n  background-color: #944c8c;\r\n}\r\n.container:hover .overlay {\r\n  opacity: 0.5;\r\n  padding-left:15px;\r\n}\r\n.container:hover .overlaylect {\r\n  opacity: 0.5;\r\n  padding-left:15px;\r\n}\r\n#playn {\r\n   background-image: url('https:\/\/epistolariodelamemoria.cl\/2021\/wp-content\/uploads\/2021\/08\/iconplayh.png');\r\n   background-repeat: no-repeat;\r\n   height: 40px;\r\n   width: 40px;\r\n}\r\n\r\n#play {\r\n   background-image: url('https:\/\/epistolariodelamemoria.cl\/2021\/wp-content\/uploads\/2021\/08\/iconplayn.png');\r\n   background-repeat: no-repeat;\r\n   height: 40px;\r\n   width: 40px;\r\n}\r\n\r\n#play:hover {\r\n   background-image: url('https:\/\/epistolariodelamemoria.cl\/2021\/wp-content\/uploads\/2021\/08\/iconplayh.png');\r\n   background-repeat: no-repeat;\r\n}\r\n#victimn {\r\n   background-image: url('https:\/\/epistolariodelamemoria.cl\/2021\/wp-content\/uploads\/2021\/08\/iconvictimh.png');\r\n   background-repeat: no-repeat;\r\n   height: 40px;\r\n   width: 40px;\r\n}\r\n#victim {\r\n   background-image: url('https:\/\/epistolariodelamemoria.cl\/2021\/wp-content\/uploads\/2021\/08\/iconvictimn.png');\r\n   background-repeat: no-repeat;\r\n   height: 40px;\r\n   width: 40px;\r\n}\r\n\r\n#victim:hover {\r\n   background-image: url('https:\/\/epistolariodelamemoria.cl\/2021\/wp-content\/uploads\/2021\/08\/iconvictimh.png');\r\n   background-repeat: no-repeat;\r\n}\r\n#lettern {\r\n   background-image: url('https:\/\/epistolariodelamemoria.cl\/2021\/wp-content\/uploads\/2021\/08\/iconletterh.png');\r\n   background-repeat: no-repeat;\r\n   width: 40px;\r\n   height: 40px;\r\n}\r\n#letter {\r\n   background-image: url('https:\/\/epistolariodelamemoria.cl\/2021\/wp-content\/uploads\/2021\/08\/iconlettern.png');\r\n   background-repeat: no-repeat;\r\n   height: 35px;\r\n   width: 35px;\r\n}\r\n\r\n#letter:hover {\r\n   background-image: url('https:\/\/epistolariodelamemoria.cl\/2021\/wp-content\/uploads\/2021\/08\/iconletterh.png');\r\n   background-repeat: no-repeat;\r\n}\r\n.carta\r\n{\r\n  font-family : Work Sans;\r\n  font-weight : bold;\r\n  font-size : 14px;\r\n  text-transform : uppercase;\r\n  color : #B1B1B1;\r\n  color : rgb(177, 177, 177);\r\npadding-left:15px;\r\npadding-top: 10px;\r\n}\r\n.nombre{\r\n  font-family : Work Sans;\r\n  font-size : 18px;\r\n  color : #6F6F6E;\r\n  padding-left:15px;\r\n  line-height : 19px;\r\n  height: 20px;\r\n  text-align: left !important;\r\n}\r\n.titulomujeres\r\n{\r\n  font-family: Work Sans;\r\n    font-size: 30px !important;\r\n    line-height: 38px;\r\n    color: #B1B1B1;\r\n    color: rgb(177, 177, 177);\r\n    margin-bottom: 45px !important;\r\n}\r\n.cartas{\r\nbackground-image:url(\"https:\/\/epistolariodelamemoria.cl\/2021\/wp-content\/uploads\/2021\/08\/Recurso-5.png\");\r\nbackground-repeat: no-repeat;\r\n}\r\n.cartan{\r\nfont-family : Work Sans;\r\n  font-weight : bold;\r\n  font-size : 14px;\r\n  text-transform : uppercase;\r\n  color : #B1B1B1;\r\n}\r\n.nombren{\r\n  font-family : Work Sans;\r\n  font-size : 20px;\r\n  line-height : 20px;\r\n  color : #B1B1B1;\r\n  padding-top: 5px;\r\n}\r\n.nombren:hover{\r\ncolor: #944c8c;\r\n}\r\n\r\n.add{\r\n width: 85px;\r\n height: 85px;\r\n background-image: url('https:\/\/epistolariodelamemoria.cl\/2021\/wp-content\/uploads\/2021\/09\/Recurso-2.png');\r\n background-repeat:no-repeat;\r\n position: relative;\r\n top: 60px;\r\n left: 30px;\r\n}\r\n\r\n.img-circular{\r\n width: 85px;\r\n height: 85px;\r\n background-image: url('https:\/\/epistolariodelamemoria.cl\/2021\/wp-content\/uploads\/2021\/09\/PORTADA-Ana-Maria-Puga-Rojas-1.jpeg');\r\n background-size: cover;\r\n display: block;\r\n border-radius: 100px;\r\n -webkit-border-radius: 100px;\r\n -moz-border-radius: 100px;\r\n position: absolute;\r\n top: 60px;\r\n left: 80px;\r\n}\r\n\r\n.Rowicon\r\n{\r\n    display: table;\r\n    width: 180px;\r\n    table-layout: fixed;\r\n    border-spacing: 5px;\r\n    padding-right: 15px;\r\n}\r\n.Columnrow\r\n{\r\n    display: table-cell;\r\n}\r\n#Wrap {\r\n  position: relative;\r\n  height: 50px;\r\n  width: 100%;\r\n}\r\n\r\n#Left,\r\n#Right {\r\n  position: absolute;\r\n  top: 0;\r\n  width: 100%;\r\n  height: 100%;\r\n}\r\n\r\n#Left {\r\n    left: 0;\r\n    background: url(https:\/\/epistolariodelamemoria.cl\/2021\/wp-content\/uploads\/2021\/09\/Recurso-2.png) top left no-repeat;\r\n    width: 85px;\r\n    height: 85px;\r\n    background-size: contain;\r\n    background-repeat: no-repeat;\r\n    margin-left: 150px;\r\n    margin-top: 18px;\r\n}\r\n\r\n#Right {\r\n    left: 180px;\r\n    width: 65px;\r\n    height: 65px;\r\n    background-image: url(https:\/\/epistolariodelamemoria.cl\/2021\/wp-content\/uploads\/2021\/09\/PORTADA-Ana-Maria-Puga-Rojas-1-300x225.jpeg);\r\n    background-size: cover;\r\n    display: block;\r\n    border-radius: 100px;\r\n    -webkit-border-radius: 100px;\r\n    -moz-border-radius: 100px;\r\n    position: absolute;\r\n    margin-top: 15px;\r\n}\r\n.cajacartas{\r\n    background-color: #fff;\r\n    margin: 10px 10px 10px 10px;\r\n    height: 90%;\r\n}\r\n.textocarta{    \r\n    margin-top: 45px;\r\n    margin-left: 15px;\r\n    line-height: 5px;\r\n}\r\n#Right5 {\r\n    left: 180px;\r\n    width: 65px;\r\n    height: 65px;\r\n    background-image: url(https:\/\/epistolariodelamemoria.cl\/2021\/wp-content\/uploads\/2021\/09\/PORTADA-Barbara-Gabriela-Uribe-Tamblay-300x169.jpg);\r\n    background-size: cover;\r\n    display: block;\r\n    border-radius: 100px;\r\n    -webkit-border-radius: 100px;\r\n    -moz-border-radius: 100px;\r\n    position: absolute;\r\n    margin-top: 15px;\r\n}\r\n#Right6 {\r\n    left: 180px;\r\n    width: 65px;\r\n    height: 65px;\r\n    background-image: url(https:\/\/epistolariodelamemoria.cl\/2021\/wp-content\/uploads\/2021\/09\/PORTADA-Carmen-Bueno-Cifuentes-300x169.png);\r\n    background-size: cover;\r\n    display: block;\r\n    border-radius: 100px;\r\n    -webkit-border-radius: 100px;\r\n    -moz-border-radius: 100px;\r\n    position: absolute;\r\n    margin-top: 15px;\r\n}\r\n#Right7 {\r\n    left: 180px;\r\n    width: 65px;\r\n    height: 65px;\r\n    background-image: url(https:\/\/epistolariodelamemoria.cl\/2021\/wp-content\/uploads\/2021\/09\/PORTADA-Cecilia-Gabriela-Castro-Salvadores-300x182.jpg);\r\n    background-size: cover;\r\n    display: block;\r\n    border-radius: 100px;\r\n    -webkit-border-radius: 100px;\r\n    -moz-border-radius: 100px;\r\n    position: absolute;\r\n    margin-top: 15px;\r\n}\r\n#Right8 {\r\n    left: 180px;\r\n    width: 65px;\r\n    height: 65px;\r\n    background-image: url(https:\/\/epistolariodelamemoria.cl\/2021\/wp-content\/uploads\/2021\/09\/PORTADA-Cristina-Magdalena-Carreno-Araya-300x169.png);\r\n    background-size: cover;\r\n    display: block;\r\n    border-radius: 100px;\r\n    -webkit-border-radius: 100px;\r\n    -moz-border-radius: 100px;\r\n    position: absolute;\r\n    margin-top: 15px;\r\n}\r\n#Right9 {\r\n    left: 180px;\r\n    width: 65px;\r\n    height: 65px;\r\n    background-image: url(https:\/\/epistolariodelamemoria.cl\/2021\/wp-content\/uploads\/2021\/09\/PORTADA-Jacqueline-Drouilly-Yurich-1-300x169.png);\r\n    background-size: cover;\r\n    display: block;\r\n    border-radius: 100px;\r\n    -webkit-border-radius: 100px;\r\n    -moz-border-radius: 100px;\r\n    position: absolute;\r\n    margin-top: 15px;\r\n}\r\n#Right11 {\r\n    left: 180px;\r\n    width: 65px;\r\n    height: 65px;\r\n    background-image: url(https:\/\/epistolariodelamemoria.cl\/2021\/wp-content\/uploads\/2021\/09\/PORTADA-Lucia-Orfilia-Vergara-Valenzuela-300x169.png);\r\n    background-size: cover;\r\n    display: block;\r\n    border-radius: 100px;\r\n    -webkit-border-radius: 100px;\r\n    -moz-border-radius: 100px;\r\n    position: absolute;\r\n    margin-top: 15px;\r\n}\r\n#Right12 {\r\n    left: 180px;\r\n    width: 65px;\r\n    height: 65px;\r\n    background-image: url(https:\/\/epistolariodelamemoria.cl\/2021\/wp-content\/uploads\/2021\/09\/PORTADA-Margarita-Martin-Martinez-300x169.png);\r\n    background-size: cover;\r\n    display: block;\r\n    border-radius: 100px;\r\n    -webkit-border-radius: 100px;\r\n    -moz-border-radius: 100px;\r\n    position: absolute;\r\n    margin-top: 15px;\r\n}\r\n\r\n#Right13 {\r\n    left: 180px;\r\n    width: 65px;\r\n    height: 65px;\r\n    background-image: url(https:\/\/epistolariodelamemoria.cl\/2021\/wp-content\/uploads\/2021\/09\/PORTADA-Maria-Cecilia-Magnet-Ferreiro-300x169.jpg);\r\n    background-size: cover;\r\n    display: block;\r\n    border-radius: 100px;\r\n    -webkit-border-radius: 100px;\r\n    -moz-border-radius: 100px;\r\n    position: absolute;\r\n    margin-top: 15px;\r\n}\r\n#Right14 {\r\n    left: 180px;\r\n    width: 65px;\r\n    height: 65px;\r\n    background-image: url(https:\/\/epistolariodelamemoria.cl\/2021\/wp-content\/uploads\/2021\/09\/PORTADA-Maria-Cristina-Lopez-Stewart-300x169.png);\r\n    background-size: cover;\r\n    display: block;\r\n    border-radius: 100px;\r\n    -webkit-border-radius: 100px;\r\n    -moz-border-radius: 100px;\r\n    position: absolute;\r\n    margin-top: 15px;\r\n}\r\n#Right15 {\r\n    left: 180px;\r\n    width: 65px;\r\n    height: 65px;\r\n    background-image: url(https:\/\/epistolariodelamemoria.cl\/2021\/wp-content\/uploads\/2021\/09\/PORTADA-Maria-Isabel-Beltran-Sanchez-300x168.png);\r\n    background-size: cover;\r\n    display: block;\r\n    border-radius: 100px;\r\n    -webkit-border-radius: 100px;\r\n    -moz-border-radius: 100px;\r\n    position: absolute;\r\n    margin-top: 15px;\r\n}\r\n#Right16 {\r\n    left: 180px;\r\n    width: 65px;\r\n    height: 65px;\r\n    background-image: url(https:\/\/epistolariodelamemoria.cl\/2021\/wp-content\/uploads\/2021\/09\/PORTADA-Maria-Isabel-Joui-Petersen-300x169.jpeg);\r\n    background-size: cover;\r\n    display: block;\r\n    border-radius: 100px;\r\n    -webkit-border-radius: 100px;\r\n    -moz-border-radius: 100px;\r\n    position: absolute;\r\n    margin-top: 15px;\r\n}\r\n#Right17 {\r\n    left: 180px;\r\n    width: 65px;\r\n    height: 65px;\r\n    background-image: url(https:\/\/epistolariodelamemoria.cl\/2021\/wp-content\/uploads\/2021\/09\/PORTADA-Maria-Julieta-Ramirez-Gallegos-300x169.png);\r\n    background-size: cover;\r\n    display: block;\r\n    border-radius: 100px;\r\n    -webkit-border-radius: 100px;\r\n    -moz-border-radius: 100px;\r\n    position: absolute;\r\n    margin-top: 15px;\r\n}\r\n#Right18 {\r\n    left: 180px;\r\n    width: 65px;\r\n    height: 65px;\r\n    background-image: url(https:\/\/epistolariodelamemoria.cl\/2021\/wp-content\/uploads\/2021\/09\/PORTADA-Maria-Loreto-Castillo-Munoz-1-300x169.png);\r\n    background-size: cover;\r\n    display: block;\r\n    border-radius: 100px;\r\n    -webkit-border-radius: 100px;\r\n    -moz-border-radius: 100px;\r\n    position: absolute;\r\n    margin-top: 15px;\r\n}\r\n#Right20 {\r\n    left: 180px;\r\n    width: 65px;\r\n    height: 65px;\r\n    background-image: url(https:\/\/epistolariodelamemoria.cl\/2021\/wp-content\/uploads\/2021\/09\/PORTADA-Marta-Lidia-Ugarte-Roman-300x169.png);\r\n    background-size: cover;\r\n    display: block;\r\n    border-radius: 100px;\r\n    -webkit-border-radius: 100px;\r\n    -moz-border-radius: 100px;\r\n    position: absolute;\r\n    margin-top: 15px;\r\n}\r\n#Right21 {\r\n    left: 180px;\r\n    width: 65px;\r\n    height: 65px;\r\n    background-image: url(https:\/\/epistolariodelamemoria.cl\/2021\/wp-content\/uploads\/2021\/09\/PORTADA-Monica-Chislayne-Llanca-Iturra-300x225.jpg);\r\n    background-size: cover;\r\n    display: block;\r\n    border-radius: 100px;\r\n    -webkit-border-radius: 100px;\r\n    -moz-border-radius: 100px;\r\n    position: absolute;\r\n    margin-top: 15px;\r\n}\r\n#Right22 {\r\n    left: 180px;\r\n    width: 65px;\r\n    height: 65px;\r\n    background-image: url(https:\/\/epistolariodelamemoria.cl\/2021\/wp-content\/uploads\/2021\/09\/PORTADA-Muriel-Dockendorff-Navarrete-300x169.png);\r\n    background-size: cover;\r\n    display: block;\r\n    border-radius: 100px;\r\n    -webkit-border-radius: 100px;\r\n    -moz-border-radius: 100px;\r\n    position: absolute;\r\n    margin-top: 15px;\r\n}\r\n#Right23 {\r\n    left: 180px;\r\n    width: 65px;\r\n    height: 65px;\r\n    background-image: url(https:\/\/epistolariodelamemoria.cl\/2021\/wp-content\/uploads\/2021\/09\/PORTADA-Reinalda-de-Carmen-Pereira-Plaza-300x225.jpeg);\r\n    background-size: cover;\r\n    display: block;\r\n    border-radius: 100px;\r\n    -webkit-border-radius: 100px;\r\n    -moz-border-radius: 100px;\r\n    position: absolute;\r\n    margin-top: 15px;\r\n}\r\n#Right24 {\r\n    left: 180px;\r\n    width: 65px;\r\n    height: 65px;\r\n    background-image: url(https:\/\/epistolariodelamemoria.cl\/2021\/wp-content\/uploads\/2021\/09\/PORTADA-Rosetta-Gianna-Piallini-Gonzalez-1-300x169.jpeg);\r\n    background-size: cover;\r\n    display: block;\r\n    border-radius: 100px;\r\n    -webkit-border-radius: 100px;\r\n    -moz-border-radius: 100px;\r\n    position: absolute;\r\n    margin-top: 15px;\r\n}\r\n.nombrelect{\r\n    padding-top: 10px;\r\n    padding-left: 10px;\r\n    font-family: Work Sans;\r\n    font-size: 20px;\r\n    color: #6F6F6E;\r\n    padding-left: 15px;\r\n    line-height: 25px;\r\n    height: 35px;\r\n    margin-bottom: 30px !important;\r\n    text-align: left !important;\r\n}\r\n.remitente{\r\nmargin-bottom:15px;\r\nborder-top:1px solid #000;\r\npadding-top: 20px !important;\r\n}\r\n\r\n#Right25 {\r\n    left: 180px;\r\n    width: 65px;\r\n    height: 65px;\r\n    background-image: url(https:\/\/epistolariodelamemoria.cl\/2021\/wp-content\/uploads\/2021\/09\/PORTADA-Rosetta-Gianna-Piallini-Gonzalez-4-300x169.jpg);\r\n    background-size: cover;\r\n    display: block;\r\n    border-radius: 100px;\r\n    -webkit-border-radius: 100px;\r\n    -moz-border-radius: 100px;\r\n    position: absolute;\r\n    margin-top: 15px;\r\n}\r\n#Right26 {\r\n    left: 180px;\r\n    width: 65px;\r\n    height: 65px;\r\n    background-image: url(https:\/\/epistolariodelamemoria.cl\/2021\/wp-content\/uploads\/2021\/09\/PORTADA-Rosetta-Gianna-Piallini-Gonzalez-3-300x169.png);\r\n    background-size: cover;\r\n    display: block;\r\n    border-radius: 100px;\r\n    -webkit-border-radius: 100px;\r\n    -moz-border-radius: 100px;\r\n    position: absolute;\r\n    margin-top: 15px;\r\n}\r\n#Right27 {\r\n    left: 180px;\r\n    width: 65px;\r\n    height: 65px;\r\n    background-image: url(https:\/\/epistolariodelamemoria.cl\/2021\/wp-content\/uploads\/2021\/09\/PORTADA-Rosetta-Gianna-Piallini-Gonzalez-2-300x169.png);\r\n    background-size: cover;\r\n    display: block;\r\n    border-radius: 100px;\r\n    -webkit-border-radius: 100px;\r\n    -moz-border-radius: 100px;\r\n    position: absolute;\r\n    margin-top: 15px;\r\n}\r\n#Right28 {\r\n    left: 180px;\r\n    width: 65px;\r\n    height: 65px;\r\n    background-image: url(https:\/\/epistolariodelamemoria.cl\/2021\/wp-content\/uploads\/2021\/09\/PORTADA-Maria-Loreto-Castillo-Munoz-2-300x169.png);\r\n    background-size: cover;\r\n    display: block;\r\n    border-radius: 100px;\r\n    -webkit-border-radius: 100px;\r\n    -moz-border-radius: 100px;\r\n    position: absolute;\r\n    margin-top: 15px;\r\n}\r\n#Right29 {\r\n    left: 180px;\r\n    width: 65px;\r\n    height: 65px;\r\n    background-image: url(https:\/\/epistolariodelamemoria.cl\/2021\/wp-content\/uploads\/2021\/09\/PORTADA-Jacqueline-Drouilly-Yurich-2-300x169.png);\r\n    background-size: cover;\r\n    display: block;\r\n    border-radius: 100px;\r\n    -webkit-border-radius: 100px;\r\n    -moz-border-radius: 100px;\r\n    position: absolute;\r\n    margin-top: 15px;\r\n}\r\n#Right30 {\r\n    left: 180px;\r\n    width: 65px;\r\n    height: 65px;\r\n    background-image: url(https:\/\/epistolariodelamemoria.cl\/2021\/wp-content\/uploads\/2021\/09\/PORTADA-Ana-Maria-Puga-Rojas-2-300x189.jpg);\r\n    background-size: cover;\r\n    display: block;\r\n    border-radius: 100px;\r\n    -webkit-border-radius: 100px;\r\n    -moz-border-radius: 100px;\r\n    position: absolute;\r\n    margin-top: 15px;\r\n}\r\n#Right31 {\r\n    left: 180px;\r\n    width: 65px;\r\n    height: 65px;\r\n    background-image: url(https:\/\/epistolariodelamemoria.cl\/2021\/wp-content\/uploads\/2021\/09\/PORTADA-Ana-Maria-Puga-Rojas-3-300x169.png);\r\n    background-size: cover;\r\n    display: block;\r\n    border-radius: 100px;\r\n    -webkit-border-radius: 100px;\r\n    -moz-border-radius: 100px;\r\n    position: absolute;\r\n    margin-top: 15px;\r\n}\r\n#Right32 {\r\n    left: 180px;\r\n    width: 65px;\r\n    height: 65px;\r\n    background-image: url(https:\/\/epistolariodelamemoria.cl\/2021\/wp-content\/uploads\/2021\/09\/PORTADA-Ana-Maria-Puga-Rojas-4-300x169.png);\r\n    background-size: cover;\r\n    display: block;\r\n    border-radius: 100px;\r\n    -webkit-border-radius: 100px;\r\n    -moz-border-radius: 100px;\r\n    position: absolute;\r\n    margin-top: 15px;\r\n}\r\n\n\t\t\t\t<\/style>\n\n\t\t\t\t<div id=\"tab_container_44\" >\n\n\t \n\n\t\t\t\t\t<ul class=\"wpsm_nav wpsm_nav-tabs\" role=\"tablist\" id=\"myTab_44\">\n\t\t\t\t\t\t\t\n\t\t\t\t\t\t\t<!--<li role=\"presentation\"  class=\"active\"  >\n\n\t\t\t\t\t\t\t\t<a href=\"#tabs_desc_44_1\" aria-controls=\"tabs_desc_44_1\" role=\"tab\" data-toggle=\"tab\">\n\n\t\t\t\t\t\t\t\t\t\t\t\n\t\t\t\t\t\t\t\t\t\t\t\t\n\t\t\t\t\t\t\t\t\t\t\t\t\t\n\t\t\t\t\t\t\t\t\t\t\t\t\n\t\t\t\t\t\t\t\t\t\t\t\n\t\t\t\t\t\t\t\t\t\t\t\t<span> LECTURAS <\/span>\n\n\t\t\t\t\t\t\t\t\t\t\t\n\t\t\t\t\t\t\t\t\t\t\t\t\t\t\t\t\t\t\t<\/a>\n\t\t\t\t\t\t\t<\/li>-->\n\t\t\t\t\t\t\t\n\t\t\t\t\t\t\t<!--<li role=\"presentation\"  >\n\n\t\t\t\t\t\t\t\t<a href=\"#tabs_desc_44_2\" aria-controls=\"tabs_desc_44_2\" role=\"tab\" data-toggle=\"tab\">\n\n\t\t\t\t\t\t\t\t\t\t\t\n\t\t\t\t\t\t\t\t\t\t\t\t\n\t\t\t\t\t\t\t\t\t\t\t\t\t\n\t\t\t\t\t\t\t\t\t\t\t\t\n\t\t\t\t\t\t\t\t\t\t\t\n\t\t\t\t\t\t\t\t\t\t\t\t<span> VICTIMAS <\/span>\n\n\t\t\t\t\t\t\t\t\t\t\t\n\t\t\t\t\t\t\t\t\t\t\t\t\t\t\t\t\t\t\t<\/a>\n\t\t\t\t\t\t\t<\/li>-->\n\t\t\t\t\t\t\t\n\t\t\t\t\t\t\t<!--<li role=\"presentation\"  >\n\n\t\t\t\t\t\t\t\t<a href=\"#tabs_desc_44_3\" aria-controls=\"tabs_desc_44_3\" role=\"tab\" data-toggle=\"tab\">\n\n\t\t\t\t\t\t\t\t\t\t\t\n\t\t\t\t\t\t\t\t\t\t\t\t\n\t\t\t\t\t\t\t\t\t\t\t\t\t\n\t\t\t\t\t\t\t\t\t\t\t\t\n\t\t\t\t\t\t\t\t\t\t\t\n\t\t\t\t\t\t\t\t\t\t\t\t<span> CARTAS <\/span>\n\n\t\t\t\t\t\t\t\t\t\t\t\n\t\t\t\t\t\t\t\t\t\t\t\t\t\t\t\t\t\t\t<\/a>\n\t\t\t\t\t\t\t<\/li>-->\n\t\t\t\t\t\t\t\n\t\t\t\t\t\t\t<!--<li role=\"presentation\"  >\n\n\t\t\t\t\t\t\t\t<a href=\"#tabs_desc_44_4\" aria-controls=\"tabs_desc_44_4\" role=\"tab\" data-toggle=\"tab\">\n\n\t\t\t\t\t\t\t\t\t\t\t\n\t\t\t\t\t\t\t\t\t\t\t\t\n\t\t\t\t\t\t\t\t\t\t\t\t\t\n\t\t\t\t\t\t\t\t\t\t\t\t\n\t\t\t\t\t\t\t\t\t\t\t\n\t\t\t\t\t\t\t\t\t\t\t\t<span> CREADORAS <\/span>\n\n\t\t\t\t\t\t\t\t\t\t\t\n\t\t\t\t\t\t\t\t\t\t\t\t\t\t\t\t\t\t\t<\/a>\n\t\t\t\t\t\t\t<\/li>-->\n\t\t\t\t\t\t\t\t\t\t\t <\/ul>\n\n\n\n\t\t\t\t\t  <!-- Tab panes -->\n\n\t\t\t\t\t  <div class=\"tab-content\" id=\"tab-content_44\">\n\n\t\t\t\t\t\t\n\t\t\t\t\t\t <div role=\"tabpanel\" class=\"tab-pane  in active \" id=\"tabs_desc_44_1\">\n\n\t\t\t\t\t\t\t\t<p class=\"titulomujeres\" style=\"text-align: center;\">Mujeres escriben a Mujeres<\/p>\r\n\r\n<div class=\"wp-block-columns\">\r\n    <div class=\"wp-block-column\" style=\"background-color: #f5f5f5;\">\r\n    <text class=\"carta\">CARTA A<\/text>\r\n    <p class=\"nombre\">Ana Mar\u00eda Puga Rojas<\/p>\r\n    \r\n    <div class=\"container popmake-493\">\r\n    \r\n    <img loading=\"lazy\" decoding=\"async\" src=\"https:\/\/epistolariodelamemoria.cl\/2021\/wp-content\/uploads\/2021\/11\/PORTADA-Ana-Maria-Puga-Rojas-1-300x169.png\" alt=\"\" width=\"300\" height=\"169\" class=\"alignnone size-medium wp-image-193\" \/>\r\n    <div class=\"overlay\"><\/div>\r\n    <\/div>\r\n        <div class=\"Rowicon\">\r\n            <div id=\"play\" class=\"Columnrow popmake-493\"><\/div>\r\n        <\/div>\r\n    <\/div>\r\n    <div class=\"wp-block-column\" style=\"background-color: #f5f5f5;\">\r\n    <text class=\"carta\">CARTA A<\/text>\r\n    <p class=\"nombre\">Ana Mar\u00eda Puga Rojas<\/p>\r\n    \r\n    <div class=\"container popmake-496\">\r\n    \r\n    <img loading=\"lazy\" decoding=\"async\" src=\"https:\/\/epistolariodelamemoria.cl\/2021\/wp-content\/uploads\/2021\/11\/PORTADA-Ana-Maria-Puga-Rojas-2-300x169.png\" alt=\"\" width=\"300\" height=\"169\" class=\"alignnone size-medium wp-image-194\" \/>\r\n    <div class=\"overlay\"><\/div>\r\n    <\/div>\r\n    <div class=\"Rowicon\">\r\n        <div id=\"play\" class=\"Columnrow popmake-496\"><\/div>\r\n    <\/div>\r\n    <\/div>\r\n    <div class=\"wp-block-column\" style=\"background-color: #f5f5f5;\">\r\n    <text class=\"carta\">CARTA A<\/text>\r\n    <p class=\"nombre\">Ana Mar\u00eda Puga Rojas<\/p>\r\n    \r\n    <div class=\"container popmake-498\">\r\n    \r\n    <img loading=\"lazy\" decoding=\"async\" src=\"https:\/\/epistolariodelamemoria.cl\/2021\/wp-content\/uploads\/2021\/09\/PORTADA-Ana-Maria-Puga-Rojas-3-300x169.png\" alt=\"\" width=\"300\" height=\"169\" class=\"alignnone size-medium wp-image-195\" \/>\r\n    <div class=\"overlay\"><\/div>\r\n    <\/div>\r\n    <div class=\"Rowicon\">\r\n        <div id=\"play\" class=\"Columnrow popmake-498\"><\/div>\r\n    <\/div>\r\n    <\/div>\r\n    <\/div>\r\n<div class=\"wp-block-columns\">\r\n<div class=\"wp-block-column\" style=\"background-color: #f5f5f5;\">\r\n<text class=\"carta\">CARTA A<\/text>\r\n<p class=\"nombre\">Ana Mar\u00eda Puga Rojas<\/p>\r\n\r\n<div class=\"container popmake-500\">\r\n\r\n<img loading=\"lazy\" decoding=\"async\" src=\"https:\/\/epistolariodelamemoria.cl\/2021\/wp-content\/uploads\/2021\/09\/PORTADA-Ana-Maria-Puga-Rojas-4-300x169.png\" alt=\"\" width=\"300\" height=\"169\" class=\"alignnone size-medium wp-image-193\" srcset=\"https:\/\/epistolariodelamemoria.cl\/2021\/wp-content\/uploads\/2021\/09\/PORTADA-Ana-Maria-Puga-Rojas-4-300x169.png 300w, https:\/\/epistolariodelamemoria.cl\/2021\/wp-content\/uploads\/2021\/09\/PORTADA-Ana-Maria-Puga-Rojas-4-1024x576.png 1024w, https:\/\/epistolariodelamemoria.cl\/2021\/wp-content\/uploads\/2021\/09\/PORTADA-Ana-Maria-Puga-Rojas-4-768x432.png 768w, https:\/\/epistolariodelamemoria.cl\/2021\/wp-content\/uploads\/2021\/09\/PORTADA-Ana-Maria-Puga-Rojas-4-1536x864.png 1536w, https:\/\/epistolariodelamemoria.cl\/2021\/wp-content\/uploads\/2021\/09\/PORTADA-Ana-Maria-Puga-Rojas-4-1800x1013.png 1800w, https:\/\/epistolariodelamemoria.cl\/2021\/wp-content\/uploads\/2021\/09\/PORTADA-Ana-Maria-Puga-Rojas-4.png 1920w\" sizes=\"auto, (max-width: 300px) 100vw, 300px\" \/>\r\n<div class=\"overlay\"><\/div>\r\n<\/div>\r\n<div class=\"Rowicon\">\r\n    <div id=\"play\" class=\"Columnrow popmake-500\"><\/div>\r\n<\/div>\r\n<\/div>\r\n<div class=\"wp-block-column\" style=\"background-color: #f5f5f5;\">\r\n<text class=\"carta\">CARTA A<\/text>\r\n<p class=\"nombre\">B\u00e1rbara Gabriela Uribe Tamblay<\/p>\r\n\r\n<div class=\"container popmake-502\">\r\n\r\n<img loading=\"lazy\" decoding=\"async\" src=\"https:\/\/epistolariodelamemoria.cl\/2021\/wp-content\/uploads\/2021\/09\/PORTADA-Barbara-Gabriela-Uribe-Tamblay-300x169.jpg\" alt=\"\" width=\"300\" height=\"169\" class=\"alignnone size-medium wp-image-194\" srcset=\"https:\/\/epistolariodelamemoria.cl\/2021\/wp-content\/uploads\/2021\/09\/PORTADA-Barbara-Gabriela-Uribe-Tamblay-300x169.jpg 300w, https:\/\/epistolariodelamemoria.cl\/2021\/wp-content\/uploads\/2021\/09\/PORTADA-Barbara-Gabriela-Uribe-Tamblay-1024x578.jpg 1024w, https:\/\/epistolariodelamemoria.cl\/2021\/wp-content\/uploads\/2021\/09\/PORTADA-Barbara-Gabriela-Uribe-Tamblay-768x433.jpg 768w, https:\/\/epistolariodelamemoria.cl\/2021\/wp-content\/uploads\/2021\/09\/PORTADA-Barbara-Gabriela-Uribe-Tamblay.jpg 1280w\" sizes=\"auto, (max-width: 300px) 100vw, 300px\" \/>\r\n<div class=\"overlay\"><\/div>\r\n<\/div>\r\n<div class=\"Rowicon\">\r\n    <div id=\"play\" class=\"Columnrow popmake-502\"><\/div>\r\n<\/div>\r\n<\/div>\r\n<div class=\"wp-block-column\" style=\"background-color: #f5f5f5;\">\r\n<text class=\"carta\">CARTA A<\/text>\r\n<p class=\"nombre\">Carmen Bueno Cifuentes<\/p>\r\n\r\n<div class=\"container popmake-504\">\r\n\r\n<img loading=\"lazy\" decoding=\"async\" src=\"https:\/\/epistolariodelamemoria.cl\/2021\/wp-content\/uploads\/2021\/09\/PORTADA-Carmen-Bueno-Cifuentes-300x169.png\" alt=\"\" width=\"300\" height=\"169\" class=\"alignnone size-medium wp-image-195\" srcset=\"https:\/\/epistolariodelamemoria.cl\/2021\/wp-content\/uploads\/2021\/09\/PORTADA-Carmen-Bueno-Cifuentes-300x169.png 300w, https:\/\/epistolariodelamemoria.cl\/2021\/wp-content\/uploads\/2021\/09\/PORTADA-Carmen-Bueno-Cifuentes-1024x576.png 1024w, https:\/\/epistolariodelamemoria.cl\/2021\/wp-content\/uploads\/2021\/09\/PORTADA-Carmen-Bueno-Cifuentes-768x432.png 768w, https:\/\/epistolariodelamemoria.cl\/2021\/wp-content\/uploads\/2021\/09\/PORTADA-Carmen-Bueno-Cifuentes-1536x864.png 1536w, https:\/\/epistolariodelamemoria.cl\/2021\/wp-content\/uploads\/2021\/09\/PORTADA-Carmen-Bueno-Cifuentes-1800x1013.png 1800w, https:\/\/epistolariodelamemoria.cl\/2021\/wp-content\/uploads\/2021\/09\/PORTADA-Carmen-Bueno-Cifuentes.png 1920w\" sizes=\"auto, (max-width: 300px) 100vw, 300px\" \/>\r\n<div class=\"overlay\"><\/div>\r\n<\/div>\r\n<div class=\"Rowicon\">\r\n    <div id=\"play\" class=\"Columnrow popmake-504\"><\/div>\r\n<\/div>\r\n<\/div>\r\n<\/div>\r\n<div class=\"wp-block-columns\">\r\n<div class=\"wp-block-column\" style=\"background-color: #f5f5f5;\">\r\n<text class=\"carta\">CARTA A<\/text>\r\n<p class=\"nombre\">Cecilia Gabriela Castro Salvadores<\/p>\r\n\r\n<div class=\"container popmake-506\">\r\n\r\n<img loading=\"lazy\" decoding=\"async\" src=\"https:\/\/epistolariodelamemoria.cl\/2021\/wp-content\/uploads\/2021\/11\/PORTADA-Cecilia-Gabriela-Castro-Salvadores-300x169.png\" alt=\"\" width=\"300\" height=\"169\" class=\"alignnone size-medium wp-image-196\" \/>\r\n<div class=\"overlay\"><\/div>\r\n<\/div>\r\n<div class=\"Rowicon\">\r\n    <div id=\"play\" class=\"Columnrow popmake-506\"><\/div>\r\n<\/div>\r\n<\/div>\r\n<div class=\"wp-block-column\" style=\"background-color: #f5f5f5;\">\r\n<text class=\"carta\">CARTA A<\/text>\r\n<p class=\"nombre\">Cristina Magdalena Carre\u00f1o Araya<\/p>\r\n\r\n<div class=\"container popmake-508\">\r\n\r\n<img loading=\"lazy\" decoding=\"async\" src=\"https:\/\/epistolariodelamemoria.cl\/2021\/wp-content\/uploads\/2021\/09\/PORTADA-Cristina-Magdalena-Carreno-Araya-300x169.png\" alt=\"\" width=\"300\" height=\"169\" class=\"alignnone size-medium wp-image-197\" srcset=\"https:\/\/epistolariodelamemoria.cl\/2021\/wp-content\/uploads\/2021\/09\/PORTADA-Cristina-Magdalena-Carreno-Araya-300x169.png 300w, https:\/\/epistolariodelamemoria.cl\/2021\/wp-content\/uploads\/2021\/09\/PORTADA-Cristina-Magdalena-Carreno-Araya-1024x576.png 1024w, https:\/\/epistolariodelamemoria.cl\/2021\/wp-content\/uploads\/2021\/09\/PORTADA-Cristina-Magdalena-Carreno-Araya-768x432.png 768w, https:\/\/epistolariodelamemoria.cl\/2021\/wp-content\/uploads\/2021\/09\/PORTADA-Cristina-Magdalena-Carreno-Araya-1536x864.png 1536w, https:\/\/epistolariodelamemoria.cl\/2021\/wp-content\/uploads\/2021\/09\/PORTADA-Cristina-Magdalena-Carreno-Araya-1800x1013.png 1800w, https:\/\/epistolariodelamemoria.cl\/2021\/wp-content\/uploads\/2021\/09\/PORTADA-Cristina-Magdalena-Carreno-Araya.png 1920w\" sizes=\"auto, (max-width: 300px) 100vw, 300px\" \/>\r\n<div class=\"overlay\"><\/div>\r\n<\/div>\r\n<div class=\"Rowicon\">\r\n    <div id=\"play\" class=\"Columnrow popmake-508\"><\/div>\r\n<\/div>\r\n<\/div>\r\n<div class=\"wp-block-column\" style=\"background-color: #f5f5f5;\">\r\n<text class=\"carta\">CARTA A<\/text>\r\n<p class=\"nombre\">Jacqueline Drouilly Yurich<\/p>\r\n\r\n<div class=\"container popmake-510\">\r\n\r\n<img loading=\"lazy\" decoding=\"async\" src=\"https:\/\/epistolariodelamemoria.cl\/2021\/wp-content\/uploads\/2021\/09\/PORTADA-Jacqueline-Drouilly-Yurich-1-300x169.png\" alt=\"\" width=\"300\" height=\"169\" class=\"alignnone size-medium wp-image-198\" srcset=\"https:\/\/epistolariodelamemoria.cl\/2021\/wp-content\/uploads\/2021\/09\/PORTADA-Jacqueline-Drouilly-Yurich-1-300x169.png 300w, https:\/\/epistolariodelamemoria.cl\/2021\/wp-content\/uploads\/2021\/09\/PORTADA-Jacqueline-Drouilly-Yurich-1-1024x576.png 1024w, https:\/\/epistolariodelamemoria.cl\/2021\/wp-content\/uploads\/2021\/09\/PORTADA-Jacqueline-Drouilly-Yurich-1-768x432.png 768w, https:\/\/epistolariodelamemoria.cl\/2021\/wp-content\/uploads\/2021\/09\/PORTADA-Jacqueline-Drouilly-Yurich-1-1536x864.png 1536w, https:\/\/epistolariodelamemoria.cl\/2021\/wp-content\/uploads\/2021\/09\/PORTADA-Jacqueline-Drouilly-Yurich-1-1800x1013.png 1800w, https:\/\/epistolariodelamemoria.cl\/2021\/wp-content\/uploads\/2021\/09\/PORTADA-Jacqueline-Drouilly-Yurich-1.png 1920w\" sizes=\"auto, (max-width: 300px) 100vw, 300px\" \/>\r\n<div class=\"overlay\"><\/div>\r\n<\/div>\r\n<div class=\"Rowicon\">\r\n    <div id=\"play\" class=\"Columnrow popmake-510\"><\/div>\r\n<\/div>\r\n<\/div>\r\n<\/div>\r\n<div class=\"wp-block-columns\">\r\n<div class=\"wp-block-column\" style=\"background-color: #f5f5f5;\">\r\n<text class=\"carta\">CARTA A<\/text>\r\n<p class=\"nombre\">Jacqueline Drouilly Yurich<\/p>\r\n\r\n<div class=\"container popmake-512\">\r\n\r\n<img loading=\"lazy\" decoding=\"async\" src=\"https:\/\/epistolariodelamemoria.cl\/2021\/wp-content\/uploads\/2021\/09\/PORTADA-Jacqueline-Drouilly-Yurich-2-300x169.png\" alt=\"\" width=\"300\" height=\"169\" class=\"alignnone size-medium wp-image-199\" srcset=\"https:\/\/epistolariodelamemoria.cl\/2021\/wp-content\/uploads\/2021\/09\/PORTADA-Jacqueline-Drouilly-Yurich-2-300x169.png 300w, https:\/\/epistolariodelamemoria.cl\/2021\/wp-content\/uploads\/2021\/09\/PORTADA-Jacqueline-Drouilly-Yurich-2-1024x576.png 1024w, https:\/\/epistolariodelamemoria.cl\/2021\/wp-content\/uploads\/2021\/09\/PORTADA-Jacqueline-Drouilly-Yurich-2-768x432.png 768w, https:\/\/epistolariodelamemoria.cl\/2021\/wp-content\/uploads\/2021\/09\/PORTADA-Jacqueline-Drouilly-Yurich-2-1536x864.png 1536w, https:\/\/epistolariodelamemoria.cl\/2021\/wp-content\/uploads\/2021\/09\/PORTADA-Jacqueline-Drouilly-Yurich-2-1800x1013.png 1800w, https:\/\/epistolariodelamemoria.cl\/2021\/wp-content\/uploads\/2021\/09\/PORTADA-Jacqueline-Drouilly-Yurich-2.png 1920w\" sizes=\"auto, (max-width: 300px) 100vw, 300px\" \/>\r\n<div class=\"overlay\"><\/div>\r\n<\/div>\r\n<div class=\"Rowicon\">\r\n    <div id=\"play\" class=\"Columnrow popmake-512\"><\/div>\r\n<\/div>\r\n<\/div>\r\n<div class=\"wp-block-column\" style=\"background-color: #f5f5f5;\">\r\n<text class=\"carta\">CARTA A<\/text>\r\n<p class=\"nombre\">Luc\u00eda Orfilia Vergara Valenzuela<\/p>\r\n\r\n<div class=\"container popmake-514\">\r\n\r\n<img loading=\"lazy\" decoding=\"async\" src=\"https:\/\/epistolariodelamemoria.cl\/2021\/wp-content\/uploads\/2021\/09\/PORTADA-Lucia-Orfilia-Vergara-Valenzuela-300x169.png\" alt=\"\" width=\"300\" height=\"169\" class=\"alignnone size-medium wp-image-200\" srcset=\"https:\/\/epistolariodelamemoria.cl\/2021\/wp-content\/uploads\/2021\/09\/PORTADA-Lucia-Orfilia-Vergara-Valenzuela-300x169.png 300w, https:\/\/epistolariodelamemoria.cl\/2021\/wp-content\/uploads\/2021\/09\/PORTADA-Lucia-Orfilia-Vergara-Valenzuela-1024x576.png 1024w, https:\/\/epistolariodelamemoria.cl\/2021\/wp-content\/uploads\/2021\/09\/PORTADA-Lucia-Orfilia-Vergara-Valenzuela-768x432.png 768w, https:\/\/epistolariodelamemoria.cl\/2021\/wp-content\/uploads\/2021\/09\/PORTADA-Lucia-Orfilia-Vergara-Valenzuela-1536x864.png 1536w, https:\/\/epistolariodelamemoria.cl\/2021\/wp-content\/uploads\/2021\/09\/PORTADA-Lucia-Orfilia-Vergara-Valenzuela-1800x1013.png 1800w, https:\/\/epistolariodelamemoria.cl\/2021\/wp-content\/uploads\/2021\/09\/PORTADA-Lucia-Orfilia-Vergara-Valenzuela.png 1920w\" sizes=\"auto, (max-width: 300px) 100vw, 300px\" \/>\r\n<div class=\"overlay\"><\/div>\r\n<\/div>\r\n<div class=\"Rowicon\">\r\n    <div id=\"play\" class=\"Columnrow popmake-514\"><\/div>\r\n<\/div>\r\n<\/div>\r\n<div class=\"wp-block-column\" style=\"background-color: #f5f5f5;\">\r\n<text class=\"carta\">CARTA A<\/text>\r\n<p class=\"nombre\">Margarita Mart\u00edn Mart\u00ednez<\/p>\r\n\r\n<div class=\"container popmake-516\">\r\n\r\n<img loading=\"lazy\" decoding=\"async\" src=\"https:\/\/epistolariodelamemoria.cl\/2021\/wp-content\/uploads\/2021\/09\/PORTADA-Margarita-Martin-Martinez-300x169.png\" alt=\"\" width=\"300\" height=\"169\" class=\"alignnone size-medium wp-image-201\" srcset=\"https:\/\/epistolariodelamemoria.cl\/2021\/wp-content\/uploads\/2021\/09\/PORTADA-Margarita-Martin-Martinez-300x169.png 300w, https:\/\/epistolariodelamemoria.cl\/2021\/wp-content\/uploads\/2021\/09\/PORTADA-Margarita-Martin-Martinez-1024x576.png 1024w, https:\/\/epistolariodelamemoria.cl\/2021\/wp-content\/uploads\/2021\/09\/PORTADA-Margarita-Martin-Martinez-768x432.png 768w, https:\/\/epistolariodelamemoria.cl\/2021\/wp-content\/uploads\/2021\/09\/PORTADA-Margarita-Martin-Martinez-1536x864.png 1536w, https:\/\/epistolariodelamemoria.cl\/2021\/wp-content\/uploads\/2021\/09\/PORTADA-Margarita-Martin-Martinez-1800x1013.png 1800w, https:\/\/epistolariodelamemoria.cl\/2021\/wp-content\/uploads\/2021\/09\/PORTADA-Margarita-Martin-Martinez.png 1920w\" sizes=\"auto, (max-width: 300px) 100vw, 300px\" \/>\r\n<div class=\"overlay\"><\/div>\r\n<\/div>\r\n<div class=\"Rowicon\">\r\n    <div id=\"play\" class=\"Columnrow popmake-516\"><\/div>\r\n<\/div>\r\n<\/div>\r\n<\/div>\r\n<div class=\"wp-block-columns\">\r\n<div class=\"wp-block-column\" style=\"background-color: #f5f5f5;\">\r\n<text class=\"carta\">CARTA A<\/text>\r\n<p class=\"nombre\">Mar\u00eda Cecilia Magnet Ferrero<\/p>\r\n\r\n<div class=\"container popmake-534\">\r\n\r\n<img loading=\"lazy\" decoding=\"async\" src=\"https:\/\/epistolariodelamemoria.cl\/2021\/wp-content\/uploads\/2021\/09\/PORTADA-Maria-Cecilia-Magnet-Ferreiro-300x169.jpg\" alt=\"\" width=\"300\" height=\"169\" class=\"alignnone size-medium wp-image-202\" srcset=\"https:\/\/epistolariodelamemoria.cl\/2021\/wp-content\/uploads\/2021\/09\/PORTADA-Maria-Cecilia-Magnet-Ferreiro-300x169.jpg 300w, https:\/\/epistolariodelamemoria.cl\/2021\/wp-content\/uploads\/2021\/09\/PORTADA-Maria-Cecilia-Magnet-Ferreiro-1024x576.jpg 1024w, https:\/\/epistolariodelamemoria.cl\/2021\/wp-content\/uploads\/2021\/09\/PORTADA-Maria-Cecilia-Magnet-Ferreiro-768x432.jpg 768w, https:\/\/epistolariodelamemoria.cl\/2021\/wp-content\/uploads\/2021\/09\/PORTADA-Maria-Cecilia-Magnet-Ferreiro.jpg 1366w\" sizes=\"auto, (max-width: 300px) 100vw, 300px\" \/>\r\n<div class=\"overlay\"><\/div>\r\n<\/div>\r\n<div class=\"Rowicon\">\r\n    <div id=\"play\" class=\"Columnrow popmake-534\"><\/div>\r\n<\/div>\r\n<\/div>\r\n<div class=\"wp-block-column\" style=\"background-color: #f5f5f5;\">\r\n<text class=\"carta\">CARTA A<\/text>\r\n<p class=\"nombre\">Mar\u00eda Cristina L\u00f3pez Stewart<\/p>\r\n\r\n<div class=\"container popmake-528\">\r\n\r\n<img loading=\"lazy\" decoding=\"async\" src=\"https:\/\/epistolariodelamemoria.cl\/2021\/wp-content\/uploads\/2021\/09\/PORTADA-Maria-Cristina-Lopez-Stewart-300x169.png\" alt=\"\" width=\"300\" height=\"169\" class=\"alignnone size-medium wp-image-203\" srcset=\"https:\/\/epistolariodelamemoria.cl\/2021\/wp-content\/uploads\/2021\/09\/PORTADA-Maria-Cristina-Lopez-Stewart-300x169.png 300w, https:\/\/epistolariodelamemoria.cl\/2021\/wp-content\/uploads\/2021\/09\/PORTADA-Maria-Cristina-Lopez-Stewart-1024x576.png 1024w, https:\/\/epistolariodelamemoria.cl\/2021\/wp-content\/uploads\/2021\/09\/PORTADA-Maria-Cristina-Lopez-Stewart-768x432.png 768w, https:\/\/epistolariodelamemoria.cl\/2021\/wp-content\/uploads\/2021\/09\/PORTADA-Maria-Cristina-Lopez-Stewart-1536x864.png 1536w, https:\/\/epistolariodelamemoria.cl\/2021\/wp-content\/uploads\/2021\/09\/PORTADA-Maria-Cristina-Lopez-Stewart-1800x1013.png 1800w, https:\/\/epistolariodelamemoria.cl\/2021\/wp-content\/uploads\/2021\/09\/PORTADA-Maria-Cristina-Lopez-Stewart.png 1920w\" sizes=\"auto, (max-width: 300px) 100vw, 300px\" \/>\r\n<div class=\"overlay\"><\/div>\r\n<\/div>\r\n<div class=\"Rowicon\">\r\n    <div id=\"play\" class=\"Columnrow popmake-528\"><\/div>\r\n<\/div>\r\n<\/div>\r\n<div class=\"wp-block-column\" style=\"background-color: #f5f5f5;\">\r\n<text class=\"carta\">CARTA A<\/text>\r\n<p class=\"nombre\">Mar\u00eda Isabel Beltr\u00e1n S\u00e1nchez<\/p>\r\n\r\n<div class=\"container popmake-518\">\r\n\r\n<img loading=\"lazy\" decoding=\"async\" src=\"https:\/\/epistolariodelamemoria.cl\/2021\/wp-content\/uploads\/2021\/09\/PORTADA-Maria-Isabel-Beltran-Sanchez-300x168.png\" alt=\"\" width=\"300\" height=\"168\" class=\"alignnone size-medium wp-image-204\" srcset=\"https:\/\/epistolariodelamemoria.cl\/2021\/wp-content\/uploads\/2021\/09\/PORTADA-Maria-Isabel-Beltran-Sanchez-300x168.png 300w, https:\/\/epistolariodelamemoria.cl\/2021\/wp-content\/uploads\/2021\/09\/PORTADA-Maria-Isabel-Beltran-Sanchez-1024x575.png 1024w, https:\/\/epistolariodelamemoria.cl\/2021\/wp-content\/uploads\/2021\/09\/PORTADA-Maria-Isabel-Beltran-Sanchez-768x431.png 768w, https:\/\/epistolariodelamemoria.cl\/2021\/wp-content\/uploads\/2021\/09\/PORTADA-Maria-Isabel-Beltran-Sanchez-345x192.png 345w, https:\/\/epistolariodelamemoria.cl\/2021\/wp-content\/uploads\/2021\/09\/PORTADA-Maria-Isabel-Beltran-Sanchez-690x384.png 690w, https:\/\/epistolariodelamemoria.cl\/2021\/wp-content\/uploads\/2021\/09\/PORTADA-Maria-Isabel-Beltran-Sanchez.png 1439w\" sizes=\"auto, (max-width: 300px) 100vw, 300px\" \/>\r\n<div class=\"overlay\"><\/div>\r\n<\/div>\r\n<div class=\"Rowicon\">\r\n    <div id=\"play\" class=\"Columnrow popmake-518\"><\/div>\r\n<\/div>\r\n<\/div>\r\n<\/div>\r\n<div class=\"wp-block-columns\">\r\n<div class=\"wp-block-column\" style=\"background-color: #f5f5f5;\">\r\n<text class=\"carta\">CARTA A<\/text>\r\n<p class=\"nombre\">Mar\u00eda Isabel Joui Petersen<\/p>\r\n\r\n<div class=\"container popmake-526\">\r\n\r\n<img loading=\"lazy\" decoding=\"async\" src=\"https:\/\/epistolariodelamemoria.cl\/2021\/wp-content\/uploads\/2021\/09\/PORTADA-Maria-Isabel-Joui-Petersen-300x169.jpeg\" alt=\"\" width=\"300\" height=\"169\" class=\"alignnone size-medium wp-image-205\" srcset=\"https:\/\/epistolariodelamemoria.cl\/2021\/wp-content\/uploads\/2021\/09\/PORTADA-Maria-Isabel-Joui-Petersen-300x169.jpeg 300w, https:\/\/epistolariodelamemoria.cl\/2021\/wp-content\/uploads\/2021\/09\/PORTADA-Maria-Isabel-Joui-Petersen-1024x576.jpeg 1024w, https:\/\/epistolariodelamemoria.cl\/2021\/wp-content\/uploads\/2021\/09\/PORTADA-Maria-Isabel-Joui-Petersen-768x432.jpeg 768w, https:\/\/epistolariodelamemoria.cl\/2021\/wp-content\/uploads\/2021\/09\/PORTADA-Maria-Isabel-Joui-Petersen-1536x864.jpeg 1536w, https:\/\/epistolariodelamemoria.cl\/2021\/wp-content\/uploads\/2021\/09\/PORTADA-Maria-Isabel-Joui-Petersen-1800x1012.jpeg 1800w, https:\/\/epistolariodelamemoria.cl\/2021\/wp-content\/uploads\/2021\/09\/PORTADA-Maria-Isabel-Joui-Petersen.jpeg 2001w\" sizes=\"auto, (max-width: 300px) 100vw, 300px\" \/>\r\n<div class=\"overlay\"><\/div>\r\n<\/div>\r\n<div class=\"Rowicon\">\r\n    <div id=\"play\" class=\"Columnrow popmake-526\"><\/div>\r\n<\/div>\r\n<\/div>\r\n<div class=\"wp-block-column\" style=\"background-color: #f5f5f5;\">\r\n<text class=\"carta\">CARTA A<\/text>\r\n<p class=\"nombre\">Mar\u00eda Julieta Ram\u00edrez Gallegos<\/p>\r\n\r\n<div class=\"container popmake-530\">\r\n\r\n<img loading=\"lazy\" decoding=\"async\" src=\"https:\/\/epistolariodelamemoria.cl\/2021\/wp-content\/uploads\/2021\/09\/PORTADA-Maria-Julieta-Ramirez-Gallegos-300x169.png\" alt=\"\" width=\"300\" height=\"169\" class=\"alignnone size-medium wp-image-206\" srcset=\"https:\/\/epistolariodelamemoria.cl\/2021\/wp-content\/uploads\/2021\/09\/PORTADA-Maria-Julieta-Ramirez-Gallegos-300x169.png 300w, https:\/\/epistolariodelamemoria.cl\/2021\/wp-content\/uploads\/2021\/09\/PORTADA-Maria-Julieta-Ramirez-Gallegos-1024x576.png 1024w, https:\/\/epistolariodelamemoria.cl\/2021\/wp-content\/uploads\/2021\/09\/PORTADA-Maria-Julieta-Ramirez-Gallegos-768x432.png 768w, https:\/\/epistolariodelamemoria.cl\/2021\/wp-content\/uploads\/2021\/09\/PORTADA-Maria-Julieta-Ramirez-Gallegos.png 1366w\" sizes=\"auto, (max-width: 300px) 100vw, 300px\" \/>\r\n<div class=\"overlay\"><\/div>\r\n<\/div>\r\n<div class=\"Rowicon\">\r\n    <div id=\"play\" class=\"Columnrow popmake-530\"><\/div>\r\n<\/div>\r\n<\/div>\r\n<div class=\"wp-block-column\" style=\"background-color: #f5f5f5;\">\r\n<text class=\"carta\">CARTA A<\/text>\r\n<p class=\"nombre\">Mar\u00eda Loreto Castillo Mu\u00f1oz<\/p>\r\n\r\n<div class=\"container popmake-520\">\r\n\r\n<img loading=\"lazy\" decoding=\"async\" src=\"https:\/\/epistolariodelamemoria.cl\/2021\/wp-content\/uploads\/2021\/09\/PORTADA-Maria-Loreto-Castillo-Munoz-1-300x169.png\" alt=\"\" width=\"300\" height=\"169\" class=\"alignnone size-medium wp-image-207\" srcset=\"https:\/\/epistolariodelamemoria.cl\/2021\/wp-content\/uploads\/2021\/09\/PORTADA-Maria-Loreto-Castillo-Munoz-1-300x169.png 300w, https:\/\/epistolariodelamemoria.cl\/2021\/wp-content\/uploads\/2021\/09\/PORTADA-Maria-Loreto-Castillo-Munoz-1-1024x576.png 1024w, https:\/\/epistolariodelamemoria.cl\/2021\/wp-content\/uploads\/2021\/09\/PORTADA-Maria-Loreto-Castillo-Munoz-1-768x432.png 768w, https:\/\/epistolariodelamemoria.cl\/2021\/wp-content\/uploads\/2021\/09\/PORTADA-Maria-Loreto-Castillo-Munoz-1-1536x864.png 1536w, https:\/\/epistolariodelamemoria.cl\/2021\/wp-content\/uploads\/2021\/09\/PORTADA-Maria-Loreto-Castillo-Munoz-1-2048x1152.png 2048w, https:\/\/epistolariodelamemoria.cl\/2021\/wp-content\/uploads\/2021\/09\/PORTADA-Maria-Loreto-Castillo-Munoz-1-2000x1125.png 2000w, https:\/\/epistolariodelamemoria.cl\/2021\/wp-content\/uploads\/2021\/09\/PORTADA-Maria-Loreto-Castillo-Munoz-1-1800x1013.png 1800w\" sizes=\"auto, (max-width: 300px) 100vw, 300px\" \/>\r\n<div class=\"overlay\"><\/div>\r\n<\/div>\r\n<div class=\"Rowicon\">\r\n    <div id=\"play\" class=\"Columnrow popmake-520\"><\/div>\r\n<\/div>\r\n<\/div>\r\n<\/div>\r\n<div class=\"wp-block-columns\">\r\n<div class=\"wp-block-column\" style=\"background-color: #f5f5f5;\">\r\n<text class=\"carta\">CARTA A<\/text>\r\n<p class=\"nombre\">Mar\u00eda Loreto Castillo Mu\u00f1oz<\/p>\r\n\r\n<div class=\"container popmake-522\">\r\n\r\n<img loading=\"lazy\" decoding=\"async\" src=\"https:\/\/epistolariodelamemoria.cl\/2021\/wp-content\/uploads\/2021\/09\/PORTADA-Maria-Loreto-Castillo-Munoz-2-300x169.png\" alt=\"\" width=\"300\" height=\"169\" class=\"alignnone size-medium wp-image-208\" srcset=\"https:\/\/epistolariodelamemoria.cl\/2021\/wp-content\/uploads\/2021\/09\/PORTADA-Maria-Loreto-Castillo-Munoz-2-300x169.png 300w, https:\/\/epistolariodelamemoria.cl\/2021\/wp-content\/uploads\/2021\/09\/PORTADA-Maria-Loreto-Castillo-Munoz-2-1024x576.png 1024w, https:\/\/epistolariodelamemoria.cl\/2021\/wp-content\/uploads\/2021\/09\/PORTADA-Maria-Loreto-Castillo-Munoz-2-768x432.png 768w, https:\/\/epistolariodelamemoria.cl\/2021\/wp-content\/uploads\/2021\/09\/PORTADA-Maria-Loreto-Castillo-Munoz-2-1536x864.png 1536w, https:\/\/epistolariodelamemoria.cl\/2021\/wp-content\/uploads\/2021\/09\/PORTADA-Maria-Loreto-Castillo-Munoz-2-1800x1013.png 1800w, https:\/\/epistolariodelamemoria.cl\/2021\/wp-content\/uploads\/2021\/09\/PORTADA-Maria-Loreto-Castillo-Munoz-2.png 1920w\" sizes=\"auto, (max-width: 300px) 100vw, 300px\" \/>\r\n<div class=\"overlay\"><\/div>\r\n<\/div>\r\n<div class=\"Rowicon\">\r\n    <div id=\"play\" class=\"Columnrow popmake-522\"><\/div>\r\n<\/div>\r\n<\/div>\r\n<div class=\"wp-block-column\" style=\"background-color: #f5f5f5;\">\r\n<text class=\"carta\">CARTA A<\/text>\r\n<p class=\"nombre\">Marta Lidia Ugarte Rom\u00e1n<\/p>\r\n\r\n<div class=\"container popmake-532\">\r\n\r\n<img loading=\"lazy\" decoding=\"async\" src=\"https:\/\/epistolariodelamemoria.cl\/2021\/wp-content\/uploads\/2021\/09\/PORTADA-Marta-Lidia-Ugarte-Roman-300x169.png\" alt=\"\" width=\"300\" height=\"169\" class=\"alignnone size-medium wp-image-209\" srcset=\"https:\/\/epistolariodelamemoria.cl\/2021\/wp-content\/uploads\/2021\/09\/PORTADA-Marta-Lidia-Ugarte-Roman-300x169.png 300w, https:\/\/epistolariodelamemoria.cl\/2021\/wp-content\/uploads\/2021\/09\/PORTADA-Marta-Lidia-Ugarte-Roman-1024x576.png 1024w, https:\/\/epistolariodelamemoria.cl\/2021\/wp-content\/uploads\/2021\/09\/PORTADA-Marta-Lidia-Ugarte-Roman-768x432.png 768w, https:\/\/epistolariodelamemoria.cl\/2021\/wp-content\/uploads\/2021\/09\/PORTADA-Marta-Lidia-Ugarte-Roman-1536x864.png 1536w, https:\/\/epistolariodelamemoria.cl\/2021\/wp-content\/uploads\/2021\/09\/PORTADA-Marta-Lidia-Ugarte-Roman-1800x1013.png 1800w, https:\/\/epistolariodelamemoria.cl\/2021\/wp-content\/uploads\/2021\/09\/PORTADA-Marta-Lidia-Ugarte-Roman.png 1920w\" sizes=\"auto, (max-width: 300px) 100vw, 300px\" \/>\r\n<div class=\"overlay\"><\/div>\r\n<\/div>\r\n<div class=\"Rowicon\">\r\n    <div id=\"play\" class=\"Columnrow popmake-532\"><\/div>\r\n<\/div>\r\n<\/div>\r\n<div class=\"wp-block-column\" style=\"background-color: #f5f5f5;\">\r\n<text class=\"carta\">CARTA A<\/text>\r\n<p class=\"nombre\">M\u00f3nica Chislayne Llanca Iturra<\/p>\r\n\r\n<div class=\"container popmake-536\">\r\n\r\n<img loading=\"lazy\" decoding=\"async\" src=\"https:\/\/epistolariodelamemoria.cl\/2021\/wp-content\/uploads\/2021\/11\/PORTADA-Monica-Chislayne-Llanca-Iturra-300x169.png\" alt=\"\" width=\"300\" height=\"169\" class=\"alignnone size-medium wp-image-210\" \/>\r\n<div class=\"overlay\"><\/div>\r\n<\/div>\r\n<div class=\"Rowicon\">\r\n    <div id=\"play\" class=\"Columnrow popmake-536\"><\/div>\r\n<\/div>\r\n<\/div>\r\n<\/div>\r\n<div class=\"wp-block-columns\">\r\n<div class=\"wp-block-column\" style=\"background-color: #f5f5f5;\">\r\n<text class=\"carta\">CARTA A<\/text>\r\n<p class=\"nombre\">Muriel Dockendorff Navarrete<\/p>\r\n\r\n<div class=\"container popmake-538\">\r\n\r\n<img loading=\"lazy\" decoding=\"async\" src=\"https:\/\/epistolariodelamemoria.cl\/2021\/wp-content\/uploads\/2021\/09\/PORTADA-Muriel-Dockendorff-Navarrete-300x169.png\" alt=\"\" width=\"300\" height=\"169\" class=\"alignnone size-medium wp-image-211\" srcset=\"https:\/\/epistolariodelamemoria.cl\/2021\/wp-content\/uploads\/2021\/09\/PORTADA-Muriel-Dockendorff-Navarrete-300x169.png 300w, https:\/\/epistolariodelamemoria.cl\/2021\/wp-content\/uploads\/2021\/09\/PORTADA-Muriel-Dockendorff-Navarrete-1024x576.png 1024w, https:\/\/epistolariodelamemoria.cl\/2021\/wp-content\/uploads\/2021\/09\/PORTADA-Muriel-Dockendorff-Navarrete-768x432.png 768w, https:\/\/epistolariodelamemoria.cl\/2021\/wp-content\/uploads\/2021\/09\/PORTADA-Muriel-Dockendorff-Navarrete-1536x864.png 1536w, https:\/\/epistolariodelamemoria.cl\/2021\/wp-content\/uploads\/2021\/09\/PORTADA-Muriel-Dockendorff-Navarrete-1800x1013.png 1800w, https:\/\/epistolariodelamemoria.cl\/2021\/wp-content\/uploads\/2021\/09\/PORTADA-Muriel-Dockendorff-Navarrete.png 1920w\" sizes=\"auto, (max-width: 300px) 100vw, 300px\" \/>\r\n<div class=\"overlay\"><\/div>\r\n<\/div>\r\n<div class=\"Rowicon\">\r\n    <div id=\"play\" class=\"Columnrow popmake-538\"><\/div>\r\n<\/div>\r\n<\/div>\r\n<div class=\"wp-block-column\" style=\"background-color: #f5f5f5;\">\r\n<text class=\"carta\">CARTA A<\/text>\r\n<p class=\"nombre\">Reinalda del Carmen Pereira Plaza<\/p>\r\n\r\n<div class=\"container popmake-540\">\r\n\r\n<img loading=\"lazy\" decoding=\"async\" src=\"https:\/\/epistolariodelamemoria.cl\/2021\/wp-content\/uploads\/2021\/11\/PORTADA-Reinalda-de-Carmen-Pereira-Plaza-300x169.png\" alt=\"\" width=\"300\" height=\"169\" class=\"alignnone size-medium wp-image-212\" \/>\r\n<div class=\"overlay\"><\/div>\r\n<\/div>\r\n<div class=\"Rowicon\">\r\n    <div id=\"play\" class=\"Columnrow popmake-540\"><\/div>\r\n<\/div>\r\n<\/div>\r\n<div class=\"wp-block-column\" style=\"background-color: #f5f5f5;\">\r\n<text class=\"carta\">CARTA A<\/text>\r\n<p class=\"nombre\">Rosetta Gianna Pallini Gonz\u00e1lez<\/p>\r\n\r\n<div class=\"container popmake-542\">\r\n\r\n<img loading=\"lazy\" decoding=\"async\" src=\"https:\/\/epistolariodelamemoria.cl\/2021\/wp-content\/uploads\/2021\/09\/PORTADA-Rosetta-Gianna-Piallini-Gonzalez-1-300x169.jpeg\" alt=\"\" width=\"300\" height=\"169\" class=\"alignnone size-medium wp-image-213\" srcset=\"https:\/\/epistolariodelamemoria.cl\/2021\/wp-content\/uploads\/2021\/09\/PORTADA-Rosetta-Gianna-Piallini-Gonzalez-1-300x169.jpeg 300w, https:\/\/epistolariodelamemoria.cl\/2021\/wp-content\/uploads\/2021\/09\/PORTADA-Rosetta-Gianna-Piallini-Gonzalez-1-1024x576.jpeg 1024w, https:\/\/epistolariodelamemoria.cl\/2021\/wp-content\/uploads\/2021\/09\/PORTADA-Rosetta-Gianna-Piallini-Gonzalez-1-768x432.jpeg 768w, https:\/\/epistolariodelamemoria.cl\/2021\/wp-content\/uploads\/2021\/09\/PORTADA-Rosetta-Gianna-Piallini-Gonzalez-1.jpeg 1334w\" sizes=\"auto, (max-width: 300px) 100vw, 300px\" \/>\r\n<div class=\"overlay\"><\/div>\r\n<\/div>\r\n<div class=\"Rowicon\">\r\n    <div id=\"play\" class=\"Columnrow popmake-542\"><\/div>\r\n<\/div>\r\n<\/div>\r\n<\/div>\r\n<div class=\"wp-block-columns\">\r\n<div class=\"wp-block-column\" style=\"background-color: #f5f5f5;\">\r\n<text class=\"carta\">CARTA A<\/text>\r\n<p class=\"nombre\">Rosetta Gianna Pallini Gonz\u00e1lez<\/p>\r\n\r\n<div class=\"container popmake-544\">\r\n\r\n<img loading=\"lazy\" decoding=\"async\" src=\"https:\/\/epistolariodelamemoria.cl\/2021\/wp-content\/uploads\/2021\/09\/PORTADA-Rosetta-Gianna-Piallini-Gonzalez-2-300x169.png\" alt=\"\" width=\"300\" height=\"169\" class=\"alignnone size-medium wp-image-214\" srcset=\"https:\/\/epistolariodelamemoria.cl\/2021\/wp-content\/uploads\/2021\/09\/PORTADA-Rosetta-Gianna-Piallini-Gonzalez-2-300x169.png 300w, https:\/\/epistolariodelamemoria.cl\/2021\/wp-content\/uploads\/2021\/09\/PORTADA-Rosetta-Gianna-Piallini-Gonzalez-2-1024x576.png 1024w, https:\/\/epistolariodelamemoria.cl\/2021\/wp-content\/uploads\/2021\/09\/PORTADA-Rosetta-Gianna-Piallini-Gonzalez-2-768x432.png 768w, https:\/\/epistolariodelamemoria.cl\/2021\/wp-content\/uploads\/2021\/09\/PORTADA-Rosetta-Gianna-Piallini-Gonzalez-2-1536x864.png 1536w, https:\/\/epistolariodelamemoria.cl\/2021\/wp-content\/uploads\/2021\/09\/PORTADA-Rosetta-Gianna-Piallini-Gonzalez-2-1800x1013.png 1800w, https:\/\/epistolariodelamemoria.cl\/2021\/wp-content\/uploads\/2021\/09\/PORTADA-Rosetta-Gianna-Piallini-Gonzalez-2.png 1920w\" sizes=\"auto, (max-width: 300px) 100vw, 300px\" \/>\r\n<div class=\"overlay\"><\/div>\r\n<\/div>\r\n<div class=\"Rowicon\">\r\n    <div id=\"play\" class=\"Columnrow popmake-544\"><\/div>\r\n<\/div>\r\n<\/div>\r\n<div class=\"wp-block-column\" style=\"background-color: #f5f5f5;\">\r\n<text class=\"carta\">CARTA A<\/text>\r\n<p class=\"nombre\">Rosetta Gianna Pallini Gonz\u00e1lez<\/p>\r\n\r\n<div class=\"container popmake-546\">\r\n\r\n<img loading=\"lazy\" decoding=\"async\" src=\"https:\/\/epistolariodelamemoria.cl\/2021\/wp-content\/uploads\/2021\/09\/PORTADA-Rosetta-Gianna-Piallini-Gonzalez-3-300x169.png\" alt=\"\" width=\"300\" height=\"169\" class=\"alignnone size-medium wp-image-215\" srcset=\"https:\/\/epistolariodelamemoria.cl\/2021\/wp-content\/uploads\/2021\/09\/PORTADA-Rosetta-Gianna-Piallini-Gonzalez-3-300x169.png 300w, https:\/\/epistolariodelamemoria.cl\/2021\/wp-content\/uploads\/2021\/09\/PORTADA-Rosetta-Gianna-Piallini-Gonzalez-3-1024x576.png 1024w, https:\/\/epistolariodelamemoria.cl\/2021\/wp-content\/uploads\/2021\/09\/PORTADA-Rosetta-Gianna-Piallini-Gonzalez-3-768x432.png 768w, https:\/\/epistolariodelamemoria.cl\/2021\/wp-content\/uploads\/2021\/09\/PORTADA-Rosetta-Gianna-Piallini-Gonzalez-3-1536x864.png 1536w, https:\/\/epistolariodelamemoria.cl\/2021\/wp-content\/uploads\/2021\/09\/PORTADA-Rosetta-Gianna-Piallini-Gonzalez-3-1800x1013.png 1800w, https:\/\/epistolariodelamemoria.cl\/2021\/wp-content\/uploads\/2021\/09\/PORTADA-Rosetta-Gianna-Piallini-Gonzalez-3.png 1920w\" sizes=\"auto, (max-width: 300px) 100vw, 300px\" \/>\r\n<div class=\"overlay\"><\/div>\r\n<\/div>\r\n    <div class=\"Rowicon\">\r\n        <div id=\"play\" class=\"Columnrow popmake-546\"><\/div>\r\n    <\/div>\r\n<\/div>\r\n<div class=\"wp-block-column\" style=\"background-color: #f5f5f5;\">\r\n<text class=\"carta\">CARTA A<\/text>\r\n<p class=\"nombre\">Rosetta Gianna Pallini Gonz\u00e1lez<\/p>\r\n\r\n<div class=\"container popmake-548\">\r\n\r\n<img loading=\"lazy\" decoding=\"async\" src=\"https:\/\/epistolariodelamemoria.cl\/2021\/wp-content\/uploads\/2021\/09\/PORTADA-Rosetta-Gianna-Piallini-Gonzalez-4-300x169.jpg\" alt=\"\" width=\"300\" height=\"169\" class=\"alignnone size-medium wp-image-216\" srcset=\"https:\/\/epistolariodelamemoria.cl\/2021\/wp-content\/uploads\/2021\/09\/PORTADA-Rosetta-Gianna-Piallini-Gonzalez-4-300x169.jpg 300w, https:\/\/epistolariodelamemoria.cl\/2021\/wp-content\/uploads\/2021\/09\/PORTADA-Rosetta-Gianna-Piallini-Gonzalez-4-1024x576.jpg 1024w, https:\/\/epistolariodelamemoria.cl\/2021\/wp-content\/uploads\/2021\/09\/PORTADA-Rosetta-Gianna-Piallini-Gonzalez-4-768x432.jpg 768w, https:\/\/epistolariodelamemoria.cl\/2021\/wp-content\/uploads\/2021\/09\/PORTADA-Rosetta-Gianna-Piallini-Gonzalez-4-1536x864.jpg 1536w, https:\/\/epistolariodelamemoria.cl\/2021\/wp-content\/uploads\/2021\/09\/PORTADA-Rosetta-Gianna-Piallini-Gonzalez-4-1800x1013.jpg 1800w, https:\/\/epistolariodelamemoria.cl\/2021\/wp-content\/uploads\/2021\/09\/PORTADA-Rosetta-Gianna-Piallini-Gonzalez-4.jpg 1920w\" sizes=\"auto, (max-width: 300px) 100vw, 300px\" \/>\r\n<div class=\"overlay\"><\/div>\r\n<\/div>\r\n    <div class=\"Rowicon\">\r\n        <div id=\"play\" class=\"Columnrow popmake-548\"><\/div>\r\n    <\/div>\r\n<\/div>\r\n<\/div>\r\n\r\n\r\n\n\t\t\t\t\t\t <\/div>\n\n\t\t\t\t\t\t\n\t\t\t\t\t\t <div role=\"tabpanel\" class=\"tab-pane \" id=\"tabs_desc_44_2\">\n\n\t\t\t\t\t\t\t\t<br>\r\n<br>\r\n<div class=\"wp-block-columns\">\r\n  <div class=\"wp-block-column\" style=\"background-color: #FCF6F4\">\r\n      <p class=\"nombrelect\">Ana Mar\u00eda Puga Rojas<\/p>\r\n    <div class=\"container popmake-439\">\r\n      <img loading=\"lazy\" decoding=\"async\" style=\"min-width: 225px;max-height: 150px !important;object-fit: cover;object-position: top;width: 100px;\" src=\"https:\/\/epistolariodelamemoria.cl\/2021\/wp-content\/uploads\/2021\/09\/PUGA-ROJAS-ANA-MARIA-IRENE.jpg\" alt=\"\" width=\"300\" height=\"189\" class=\"alignnone size-medium wp-image-190\" \/>\r\n      <div class=\"overlaylect\"><\/div>\r\n    <\/div>\r\n    <div class=\"Rowicon\">\r\n      <div id=\"victim\" class=\"Columnrow popmake-439\"><\/div>\r\n    <\/div>\r\n  <\/div>\r\n  \r\n  <div class=\"wp-block-column\" style=\"background-color: #FCF6F4\">\r\n    <p class=\"nombrelect\">B\u00e1rbara Gabriela Uribe Tamblay<\/p>\r\n    <div class=\"container popmake-445\">\r\n\r\n    <img loading=\"lazy\" decoding=\"async\" style=\"min-width: 225px;max-height: 150px !important;object-fit: cover;object-position: top;width: 100px;\" src=\"https:\/\/epistolariodelamemoria.cl\/2021\/wp-content\/uploads\/2021\/09\/URIBE-TAMBLAY-BARBARA-GABRIELA.jpg\" alt=\"\" width=\"300\" height=\"169\" class=\"alignnone size-medium wp-image-194\" \/>\r\n    <div class=\"overlaylect\"><\/div>\r\n    <\/div>\r\n      <div class=\"Rowicon\">\r\n            <div id=\"victim\" class=\"Columnrow popmake-445\"><\/div>\r\n        <\/div>\r\n    <\/div>\r\n    <div class=\"wp-block-column\" style=\"background-color: #FCF6F4\">\r\n\r\n    <p class=\"nombrelect\">Carmen Bueno Cifuentes<\/p>\r\n\r\n    <div class=\"container popmake-412\">\r\n\r\n    <img loading=\"lazy\" decoding=\"async\" style=\"min-width: 225px;max-height: 150px !important;object-fit: cover;object-position: top;width: 100px;\" src=\"https:\/\/epistolariodelamemoria.cl\/2021\/wp-content\/uploads\/2021\/09\/BUENO-CIFUENTES-CARMEN-CECILIA.jpg\" alt=\"\" width=\"300\" height=\"169\" class=\"alignnone size-medium wp-image-195\" \/>\r\n    <div class=\"overlaylect\"><\/div>\r\n    <\/div>\r\n      <div class=\"Rowicon\">\r\n            <div id=\"victim\" class=\"Columnrow popmake-412\"><\/div>\r\n        <\/div>\r\n    <\/div>\r\n<\/div>\r\n\r\n<div class=\"wp-block-columns\">\r\n<div class=\"wp-block-column\" style=\"background-color: #FCF6F4\">\r\n\r\n<p class=\"nombrelect\">Cecilia Gabriela Castro Salvadores<\/p>\r\n\r\n<div class=\"container popmake-419\">\r\n\r\n<img loading=\"lazy\" decoding=\"async\" style=\"min-width: 225px;max-height: 150px !important;object-fit: cover;width: 100px;\" src=\"https:\/\/epistolariodelamemoria.cl\/2021\/wp-content\/uploads\/2021\/09\/CASTRO-SALVADORES-CECILIA-GABRIELA.jpg\" alt=\"\" width=\"300\" height=\"182\" class=\"alignnone size-medium wp-image-196\" \/>\r\n<div class=\"overlaylect\"><\/div>\r\n<\/div>\r\n  <div class=\"Rowicon\">\r\n        <div id=\"victim\" class=\"Columnrow popmake-419\"><\/div>\r\n    <\/div>\r\n<\/div>\r\n<div class=\"wp-block-column\" style=\"background-color: #FCF6F4\">\r\n\r\n<p class=\"nombrelect\">Cristina Magdalena Carre\u00f1o Araya<\/p>\r\n\r\n<div class=\"container popmake-414\">\r\n<img loading=\"lazy\" decoding=\"async\" style=\"min-width: 225px;max-height: 150px !important;object-fit: cover;width: 100px;\" src=\"https:\/\/epistolariodelamemoria.cl\/2021\/wp-content\/uploads\/2021\/09\/CARRENO-ARAYA-CRISTINA-MAGDALENA.jpg\" alt=\"\" width=\"300\" height=\"169\" class=\"alignnone size-medium wp-image-197\" \/>\r\n<div class=\"overlaylect\"><\/div>\r\n<\/div>\r\n  <div class=\"Rowicon\">\r\n        <div id=\"victim\" class=\"Columnrow popmake-414\"><\/div>\r\n    <\/div>\r\n<\/div>\r\n<div class=\"wp-block-column\" style=\"background-color: #FCF6F4\">\r\n\r\n<p class=\"nombrelect\">Jacqueline Drouilly Yurich<\/p>\r\n\r\n<div class=\"container popmake-423\">\r\n\r\n<img loading=\"lazy\" decoding=\"async\" style=\"min-width: 225px;max-height: 150px !important;object-fit: cover;object-position: top;width: 100px;\" src=\"https:\/\/epistolariodelamemoria.cl\/2021\/wp-content\/uploads\/2021\/09\/DROUILLY-YURICH-JACQUELINE-PAULETTE.jpg\" alt=\"\" width=\"300\" height=\"169\" class=\"alignnone size-medium wp-image-198\" \/>\r\n<div class=\"overlaylect\"><\/div>\r\n<\/div>\r\n  <div class=\"Rowicon\">\r\n        <div id=\"victim\" class=\"Columnrow popmake-423\"><\/div>\r\n    <\/div>\r\n<\/div>\r\n\r\n<\/div>\r\n\r\n<div class=\"wp-block-columns\">\r\n<div class=\"wp-block-column\" style=\"background-color: #FCF6F4\">\r\n<p class=\"nombrelect\">Luc\u00eda Orfilia Vergara Valenzuela<\/p>\r\n<div class=\"container popmake-447\">\r\n<img loading=\"lazy\" decoding=\"async\" style=\"min-width: 225px;max-height: 150px !important;object-fit: cover;width: 100px;\" src=\"https:\/\/epistolariodelamemoria.cl\/2021\/wp-content\/uploads\/2021\/09\/VERGARA-VALENZUELA-LUCIA-ORFILIA.jpg\" alt=\"\" width=\"300\" height=\"169\" class=\"alignnone size-medium wp-image-200\" \/>\r\n<div class=\"overlaylect\"><\/div>\r\n<\/div>\r\n  <div class=\"Rowicon\">\r\n        <div id=\"victim\" class=\"Columnrow popmake-447\"><\/div>\r\n    <\/div>\r\n<\/div>\r\n\r\n<div class=\"wp-block-column\" style=\"background-color: #FCF6F4\">\r\n<p class=\"nombrelect\">Margarita Mart\u00edn Mart\u00ednez<\/p>\r\n<div class=\"container popmake-433\">\r\n<img loading=\"lazy\" decoding=\"async\" style=\"min-width: 225px;max-height: 150px !important;object-fit: cover;object-position: top;width: 100px;\" src=\"https:\/\/epistolariodelamemoria.cl\/2021\/wp-content\/uploads\/2021\/09\/MARTIN-MARTINEZ-MARGARITA-ELIANA.jpg\" alt=\"\" width=\"300\" height=\"169\" class=\"alignnone size-medium wp-image-201\" \/>\r\n<div class=\"overlaylect\"><\/div>\r\n<\/div>\r\n  <div class=\"Rowicon\">\r\n        <div id=\"victim\" class=\"Columnrow popmake-433\"><\/div>\r\n    <\/div>\r\n<\/div>\r\n  <div class=\"wp-block-column\" style=\"background-color: #FCF6F4\">\r\n  <p class=\"nombrelect\">Mar\u00eda Cecilia Magnet Ferrero<\/p>\r\n  <div class=\"container popmake-431\">\r\n  <img loading=\"lazy\" decoding=\"async\" style=\"min-width: 225px;max-height: 150px !important;object-fit: cover;object-position: top;width: 100px;\" src=\"https:\/\/epistolariodelamemoria.cl\/2021\/wp-content\/uploads\/2021\/09\/MAGNET-FERRERO-MARIA-CECILIA.jpg\" alt=\"\" width=\"300\" height=\"169\" class=\"alignnone size-medium wp-image-202\" \/>\r\n  <div class=\"overlaylect\"><\/div>\r\n  <\/div>\r\n    <div class=\"Rowicon\">\r\n          <div id=\"victim\" class=\"Columnrow popmake-431\"><\/div>\r\n      <\/div>\r\n  <\/div>\r\n\r\n<\/div>\r\n\r\n<div class=\"wp-block-columns\">\r\n\r\n<div class=\"wp-block-column\" style=\"background-color: #FCF6F4\">\r\n\r\n<p class=\"nombrelect\">Mar\u00eda Cristina L\u00f3pez Stewart<\/p>\r\n\r\n<div class=\"container popmake-429\">\r\n\r\n<img loading=\"lazy\" decoding=\"async\" style=\"min-width: 225px;max-height: 150px !important;object-fit: cover;width: 100px;\" src=\"https:\/\/epistolariodelamemoria.cl\/2021\/wp-content\/uploads\/2021\/09\/LOPEZ-STEWART-MARIA-CRISTINA.jpg\" alt=\"\" width=\"300\" height=\"169\" class=\"alignnone size-medium wp-image-203\" \/>\r\n<div class=\"overlaylect\"><\/div>\r\n<\/div>\r\n  <div class=\"Rowicon\">\r\n        <div id=\"victim\" class=\"Columnrow popmake-429\"><\/div>\r\n    <\/div>\r\n<\/div>\r\n\r\n<div class=\"wp-block-column\" style=\"background-color: #FCF6F4\">\r\n\r\n<p class=\"nombrelect\">Mar\u00eda Isabel Beltr\u00e1n S\u00e1nchez<\/p>\r\n\r\n<div class=\"container popmake-408\">\r\n\r\n<img loading=\"lazy\" decoding=\"async\" style=\"min-width: 225px;max-height: 150px !important;object-fit: cover;width: 100px;\" src=\"https:\/\/epistolariodelamemoria.cl\/2021\/wp-content\/uploads\/2021\/09\/BELTRAN-SANCHEZ-MARIA-ISABEL.jpg\" alt=\"\" width=\"300\" height=\"168\" class=\"alignnone size-medium wp-image-204\" \/>\r\n<div class=\"overlaylect\"><\/div>\r\n<\/div>\r\n  <div class=\"Rowicon\">\r\n        <div id=\"victim\" class=\"Columnrow popmake-408\"><\/div>\r\n    <\/div>\r\n<\/div>\r\n<div class=\"wp-block-column\" style=\"background-color: #FCF6F4\">\r\n\r\n  <p class=\"nombrelect\">Mar\u00eda Isabel Joui Petersen<\/p>\r\n  \r\n  <div class=\"container popmake-425\">\r\n  \r\n  <img loading=\"lazy\" decoding=\"async\" style=\"min-width: 225px;max-height: 150px !important;object-fit: cover;object-position: top;width: 100px;\" src=\"https:\/\/epistolariodelamemoria.cl\/2021\/wp-content\/uploads\/2021\/09\/JOUI-PETERSEN-MARIA-ISABEL.jpg\" alt=\"\" width=\"300\" height=\"169\" class=\"alignnone size-medium wp-image-205\" \/>\r\n  <div class=\"overlaylect\"><\/div>\r\n  <\/div>\r\n    <div class=\"Rowicon\">\r\n          <div id=\"victim\" class=\"Columnrow popmake-425\"><\/div>\r\n      <\/div>\r\n  <\/div>\r\n\r\n<\/div>\r\n\r\n<div class=\"wp-block-columns\">\r\n\r\n<div class=\"wp-block-column\" style=\"background-color: #FCF6F4\">\r\n\r\n<p class=\"nombrelect\">Mar\u00eda Julieta Ram\u00edrez Gallegos<\/p>\r\n\r\n<div class=\"container popmake-441\">\r\n\r\n<img loading=\"lazy\" decoding=\"async\" style=\"min-width: 225px;max-height: 150px !important;object-fit: cover;width: 100px;\" src=\"https:\/\/epistolariodelamemoria.cl\/2021\/wp-content\/uploads\/2021\/09\/RAMIREZ-GALLEGOS-MARIA-JULIETA.jpg\" alt=\"\" width=\"300\" height=\"169\" class=\"alignnone size-medium wp-image-206\" \/>\r\n<div class=\"overlaylect\"><\/div>\r\n<\/div>\r\n  <div class=\"Rowicon\">\r\n        <div id=\"victim\" class=\"Columnrow popmake-441\"><\/div>\r\n    <\/div>\r\n<\/div>\r\n<div class=\"wp-block-column\" style=\"background-color: #FCF6F4\">\r\n\r\n<p class=\"nombrelect\">Mar\u00eda Loreto Castillo Mu\u00f1oz<\/p>\r\n\r\n<div class=\"container popmake-417\">\r\n\r\n<img loading=\"lazy\" decoding=\"async\" style=\"min-width: 225px;max-height: 150px !important;object-fit: cover;width: 100px;\" src=\"https:\/\/epistolariodelamemoria.cl\/2021\/wp-content\/uploads\/2021\/09\/CASTILLO-MUNOZ-MARIA-LORETO.jpg\" alt=\"\" width=\"300\" height=\"169\" class=\"alignnone size-medium wp-image-207\" \/>\r\n<div class=\"overlaylect\"><\/div>\r\n<\/div>\r\n  <div class=\"Rowicon\">\r\n        <div id=\"victim\" class=\"Columnrow popmake-417\"><\/div>\r\n    <\/div>\r\n<\/div>\r\n<div class=\"wp-block-column\" style=\"background-color: #FCF6F4\">\r\n\r\n  <p class=\"nombrelect\">Marta Lidia Ugarte Rom\u00e1n<\/p>\r\n  \r\n  <div class=\"container popmake-443\">\r\n  \r\n  <img loading=\"lazy\" decoding=\"async\" style=\"min-width: 225px;max-height: 150px !important;object-fit: cover;object-position: top;width: 100px;\" src=\"https:\/\/epistolariodelamemoria.cl\/2021\/wp-content\/uploads\/2021\/09\/UGARTE-ROMAN-MARTA-LIDIA.jpg\" alt=\"\" width=\"300\" height=\"169\" class=\"alignnone size-medium wp-image-209\" \/>\r\n  <div class=\"overlaylect\"><\/div>\r\n  <\/div>\r\n    <div class=\"Rowicon\">\r\n          <div id=\"victim\" class=\"Columnrow popmake-443\"><\/div>\r\n      <\/div>\r\n  <\/div>\r\n<\/div>\r\n\r\n<div class=\"wp-block-columns\">\r\n<div class=\"wp-block-column\" style=\"background-color: #FCF6F4\">\r\n\r\n<p class=\"nombrelect\">M\u00f3nica Chislayne Llanca Iturra<\/p>\r\n\r\n<div class=\"container popmake-427\">\r\n\r\n<img loading=\"lazy\" decoding=\"async\" style=\"min-width: 225px;max-height: 150px !important;object-fit: cover;object-position: top;width: 100px;\" src=\"https:\/\/epistolariodelamemoria.cl\/2021\/wp-content\/uploads\/2021\/09\/LLANCA-ITURRA-MONICA-CHISLAYNE.jpg\" alt=\"\" width=\"300\" height=\"225\" class=\"alignnone size-medium wp-image-210\" \/>\r\n<div class=\"overlaylect\"><\/div>\r\n<\/div>\r\n  <div class=\"Rowicon\">\r\n        <div id=\"victim\" class=\"Columnrow popmake-427\"><\/div>\r\n    <\/div>\r\n<\/div>\r\n\r\n<div class=\"wp-block-column\" style=\"background-color: #FCF6F4\">\r\n\r\n  <p class=\"nombrelect\">Muriel Dockendorff Navarrete<\/p>\r\n  \r\n  <div class=\"container popmake-421\">\r\n  \r\n  <img loading=\"lazy\" decoding=\"async\" style=\"min-width: 225px;max-height: 150px !important;object-fit: cover;object-position: top;width: 100px;\" src=\"https:\/\/epistolariodelamemoria.cl\/2021\/wp-content\/uploads\/2021\/09\/DOCKENDORFF-NAVARRETE-MURIEL.jpg\" alt=\"\" width=\"300\" height=\"169\" class=\"alignnone size-medium wp-image-211\" \/>\r\n  <div class=\"overlaylect\"><\/div>\r\n  <\/div>\r\n    <div class=\"Rowicon\">\r\n          <div id=\"victim\" class=\"Columnrow popmake-421\"><\/div>\r\n      <\/div>\r\n  <\/div>\r\n  <div class=\"wp-block-column\" style=\"background-color: #FCF6F4\">\r\n\r\n    <p class=\"nombrelect\">Reinalda del Carmen Pereira Plaza<\/p>\r\n    \r\n    <div class=\"container popmake-437\">\r\n    \r\n    <img loading=\"lazy\" decoding=\"async\" style=\"min-width: 225px;max-height: 150px !important;object-fit: cover;width: 100px;\" src=\"https:\/\/epistolariodelamemoria.cl\/2021\/wp-content\/uploads\/2021\/09\/PEREIRA-PLAZA-REINALDA-DEL-CARMEN.jpg\" alt=\"\" width=\"300\" height=\"225\" class=\"alignnone size-medium wp-image-212\" \/>\r\n    <div class=\"overlaylect\"><\/div>\r\n    <\/div>\r\n      <div class=\"Rowicon\">\r\n            <div id=\"victim\" class=\"Columnrow popmake-437\"><\/div>\r\n        <\/div>\r\n    <\/div>\r\n<\/div>\r\n\r\n<div class=\"wp-block-columns\">\r\n  \r\n\r\n<div class=\"wp-block-column\" style=\"background-color: #FCF6F4\">\r\n  <p class=\"nombrelect\">Rosetta Gianna Pallini Gonz\u00e1lez<\/p>\r\n  <div class=\"container popmake-435\">\r\n    <img loading=\"lazy\" decoding=\"async\" style=\"min-width: 225px;max-height: 150px !important;object-fit: cover;width: 100px;\" src=\"https:\/\/epistolariodelamemoria.cl\/2021\/wp-content\/uploads\/2021\/09\/PALLINI-GONZALEZ-ROSETTA-GIANNA.jpg\" alt=\"\" width=\"300\" height=\"169\" class=\"alignnone size-medium wp-image-213\" \/>\r\n      <div class=\"overlaylect\"><\/div>\r\n    <\/div>\r\n    <div class=\"Rowicon\">\r\n          <div id=\"victim\" class=\"Columnrow popmake-435\"><\/div>\r\n      <\/div>\r\n  <\/div>\r\n  <div class=\"wp-block-column\">\r\n  <\/div>\r\n  <div class=\"wp-block-column\" >\r\n  <\/div>\r\n<\/div>\n\t\t\t\t\t\t <\/div>\n\n\t\t\t\t\t\t\n\t\t\t\t\t\t <div role=\"tabpanel\" class=\"tab-pane \" id=\"tabs_desc_44_3\">\n\n\t\t\t\t\t\t\t\t<br>\r\n<br>\r\n<div class=\"wp-block-columns\">\r\n    <div class=\"wp-block-column cartas\">\r\n        <div class=\"cajacartas\" class=\"cajacartas\">\r\n            <div id=\"Wrap\">\r\n                <div id=\"Left\"><\/div>\r\n                <div id=\"Right\"><\/div>\r\n            <\/div>\r\n             <div class=\"textocarta\">\r\n                <text class=\"cartan\">CARTA A<\/text><br><br><br> \r\n                <text class=\"nombren popmake-152\">Ana Mar\u00eda Puga Rojas\u00a0\u00a0\u00a0\u00a0\u00a0<\/text>\r\n            <\/div>\r\n            <div class=\"wp-block-columns\">\r\n                <div class=\"Rowicon\">\r\n                    <div id=\"letter\" class=\"Columnrow popmake-152\"><\/div>\r\n                <\/div>\r\n            <\/div>\r\n        <\/div>\r\n    <\/div>\r\n    <div class=\"wp-block-column cartas\">\r\n        <div class=\"cajacartas\">\r\n            <div id=\"Wrap\">\r\n                <div id=\"Left\"><\/div>\r\n                <div id=\"Right30\"><\/div>\r\n            <\/div>\r\n            <div class=\"textocarta\">\r\n                <text class=\"cartan\">CARTA A<\/text><br><br><br> \r\n                <text class=\"nombren popmake-263\">Ana Mar\u00eda Puga Rojas\u00a0\u00a0\u00a0\u00a0\u00a0<\/text>\r\n            <\/div>\r\n\r\n            <div class=\"wp-block-columns\">\r\n                <div class=\"Rowicon\">\r\n                    <div id=\"letter\" class=\"Columnrow popmake-263\"><\/div>\r\n                <\/div>\r\n            <\/div>\r\n        <\/div>\r\n    <\/div>\r\n    <div class=\"wp-block-column cartas\">\r\n        <div class=\"cajacartas\">\r\n            <div id=\"Wrap\">\r\n                <div id=\"Left\"><\/div>\r\n                <div id=\"Right31\"><\/div>\r\n            <\/div>\r\n            <div class=\"textocarta\"> \r\n                <text class=\"cartan\">CARTA A<\/text><br><br><br>\r\n                <text class=\"nombren popmake-306\">Ana Mar\u00eda Puga Rojas\u00a0\u00a0\u00a0\u00a0\u00a0<\/text>\r\n            <\/div>\r\n\r\n            <div class=\"wp-block-columns\">\r\n                <div class=\"Rowicon\">\r\n                    <div id=\"letter\" class=\"Columnrow popmake-306\"><\/div>\r\n                <\/div>\r\n            <\/div>\r\n        <\/div>\r\n    <\/div>\r\n<\/div>    \r\n<div class=\"wp-block-columns\">\r\n    <div class=\"wp-block-column cartas\">\r\n        <div class=\"cajacartas\">\r\n            <div id=\"Wrap\">\r\n                <div id=\"Left\"><\/div>\r\n                <div id=\"Right32\"><\/div>\r\n            <\/div>\r\n            <div class=\"textocarta\">\r\n                <text class=\"cartan\">CARTA A<\/text><br><br><br> \r\n                <text class=\"nombren popmake-308\">Ana Mar\u00eda Puga Rojas\u00a0\u00a0\u00a0\u00a0\u00a0<\/text>\r\n            <\/div>\r\n\r\n            <div class=\"wp-block-columns\">\r\n                <div class=\"Rowicon\">\r\n                    <div id=\"letter\" class=\"Columnrow popmake-308\"><\/div>\r\n                <\/div>\r\n            <\/div>\r\n        <\/div>\r\n    <\/div>\r\n    <div class=\"wp-block-column cartas\">\r\n        <div class=\"cajacartas\">\r\n            <div id=\"Wrap\">\r\n                <div id=\"Left\"><\/div>\r\n                <div id=\"Right5\"><\/div>\r\n            <\/div>\r\n            <div class=\"textocarta\">\r\n                <text class=\"cartan\">CARTA A<\/text><br><br><br> \r\n                <text class=\"nombren popmake-310\">B\u00e1rbara Gabriela Uribe Tamblay<\/text>\r\n            <\/div>\r\n\r\n            <div class=\"wp-block-columns\">\r\n                <div class=\"Rowicon\">\r\n                    <div id=\"letter\" class=\"Columnrow popmake-310\"><\/div>\r\n                <\/div>\r\n            <\/div>\r\n        <\/div>\r\n    <\/div>\r\n    <div class=\"wp-block-column cartas\">\r\n        <div class=\"cajacartas\">\r\n            <div id=\"Wrap\">\r\n                <div id=\"Left\"><\/div>\r\n                <div id=\"Right6\"><\/div>\r\n            <\/div>\r\n            <div class=\"textocarta\">\r\n                <text class=\"cartan\">CARTA A<\/text><br><br><br> \r\n                <text class=\"nombren popmake-312\">Carmen Bueno Cifuentes<\/text>\r\n            <\/div>\r\n\r\n            <div class=\"wp-block-columns\">\r\n                <div class=\"Rowicon\">\r\n                    <div id=\"letter\" class=\"Columnrow popmake-312\"><\/div>\r\n                <\/div>\r\n            <\/div>\r\n        <\/div>\r\n    <\/div>\r\n<\/div>\r\n<div class=\"wp-block-columns\">\r\n    <div class=\"wp-block-column cartas\">\r\n        <div class=\"cajacartas\">\r\n            <div id=\"Wrap\">\r\n                <div id=\"Left\"><\/div>\r\n                <div id=\"Right7\"><\/div>\r\n            <\/div>\r\n            <div class=\"textocarta\">\r\n                <text class=\"cartan\">CARTA A<\/text><br><br><br> \r\n                <text class=\"nombren popmake-316\">Cecilia Gabriela Castro Salvadores<\/text>\r\n            <\/div>\r\n\r\n            <div class=\"wp-block-columns\">\r\n                <div class=\"Rowicon\">\r\n                    <div id=\"letter\" class=\"Columnrow popmake-316\"><\/div>\r\n                <\/div>\r\n            <\/div>\r\n        <\/div>\r\n    <\/div>\r\n    <div class=\"wp-block-column cartas\">\r\n        <div class=\"cajacartas\">\r\n            <div id=\"Wrap\">\r\n                <div id=\"Left\"><\/div>\r\n                <div id=\"Right8\"><\/div>\r\n            <\/div>\r\n            <div class=\"textocarta\">\r\n                <text class=\"cartan\">CARTA A<\/text><br><br><br> \r\n                <text class=\"nombren popmake-318\">Cristina Magdalena Carre\u00f1o Araya<\/text>\r\n            <\/div>\r\n\r\n            <div class=\"wp-block-columns\">\r\n                <div class=\"Rowicon\">\r\n                    <div id=\"letter\" class=\"Columnrow popmake-318\"><\/div>\r\n                <\/div>\r\n            <\/div>\r\n        <\/div>\r\n    <\/div>\r\n    <div class=\"wp-block-column cartas\">\r\n        <div class=\"cajacartas\">\r\n            <div id=\"Wrap\">\r\n                <div id=\"Left\"><\/div>\r\n                <div id=\"Right9\"><\/div>\r\n            <\/div>\r\n            <div class=\"textocarta\">\r\n                <text class=\"cartan\">CARTA A<\/text><br><br><br> \r\n                <text class=\"nombren popmake-320\">Jacqueline Drouilly Yurich<\/text>\r\n            <\/div>\r\n\r\n            <div class=\"wp-block-columns\">\r\n                <div class=\"Rowicon\">\r\n                    <div id=\"letter\" class=\"Columnrow popmake-320\"><\/div>\r\n                <\/div>\r\n            <\/div>\r\n        <\/div>\r\n    <\/div>\r\n<\/div>\r\n<div class=\"wp-block-columns\">\r\n    <div class=\"wp-block-column cartas\">\r\n        <div class=\"cajacartas\">\r\n            <div id=\"Wrap\">\r\n                <div id=\"Left\"><\/div>\r\n                <div id=\"Right29\"><\/div>\r\n            <\/div>\r\n            <div class=\"textocarta\">\r\n                <text class=\"cartan\">CARTA A<\/text><br><br><br> \r\n                <text class=\"nombren popmake-322\">Jacqueline Drouilly Yurich<\/text>\r\n            <\/div>\r\n\r\n            <div class=\"wp-block-columns\">\r\n                <div class=\"Rowicon\">\r\n                    <div id=\"letter\" class=\"Columnrow popmake-322\"><\/div>\r\n                <\/div>\r\n            <\/div>\r\n        <\/div>\r\n    <\/div>\r\n    <div class=\"wp-block-column cartas\">\r\n        <div class=\"cajacartas\">\r\n            <div id=\"Wrap\">\r\n                <div id=\"Left\"><\/div>\r\n                <div id=\"Right11\"><\/div>\r\n            <\/div>\r\n            <div class=\"textocarta\">\r\n                <text class=\"cartan\">CARTA A<\/text><br><br><br> \r\n                <text class=\"nombren popmake-325\">Luc\u00eda Orfilia Vergara Valenzuela<\/text>\r\n            <\/div>\r\n\r\n            <div class=\"wp-block-columns\">\r\n                <div class=\"Rowicon\">\r\n                    <div id=\"letter\" class=\"Columnrow popmake-325\"><\/div>\r\n                <\/div>\r\n            <\/div>\r\n        <\/div>\r\n    <\/div>\r\n    <div class=\"wp-block-column cartas\">\r\n        <div class=\"cajacartas\">\r\n            <div id=\"Wrap\">\r\n                <div id=\"Left\"><\/div>\r\n                <div id=\"Right12\"><\/div>\r\n            <\/div>\r\n            <div class=\"textocarta\">\r\n                <text class=\"cartan\">CARTA A<\/text><br><br><br> \r\n                <text class=\"nombren popmake-327\">Margarita Mart\u00edn Mart\u00ednez<\/text>\r\n            <\/div>\r\n\r\n            <div class=\"wp-block-columns\">\r\n                <div class=\"Rowicon\">\r\n                    <div id=\"letter\" class=\"Columnrow popmake-327\"><\/div>\r\n                <\/div>\r\n            <\/div>\r\n        <\/div>\r\n    <\/div>\r\n<\/div>\r\n<div class=\"wp-block-columns\">\r\n    <div class=\"wp-block-column cartas\">\r\n        <div class=\"cajacartas\">\r\n            <div id=\"Wrap\">\r\n                <div id=\"Left\"><\/div>\r\n                <div id=\"Right13\"><\/div>\r\n            <\/div>\r\n            <div class=\"textocarta\">\r\n                <text class=\"cartan\">CARTA A<\/text><br><br><br> \r\n                <text class=\"nombren popmake-329\">Mar\u00eda Cecilia Magnet Ferrero<\/text>\r\n            <\/div>\r\n\r\n            <div class=\"wp-block-columns\">\r\n                <div class=\"Rowicon\">\r\n    \r\n    <div id=\"letter\" class=\"Columnrow popmake-329\"><\/div>\r\n<\/div>\r\n            <\/div>\r\n        <\/div>\r\n    <\/div>\r\n    <div class=\"wp-block-column cartas\">\r\n        <div class=\"cajacartas\">\r\n            <div id=\"Wrap\">\r\n                <div id=\"Left\"><\/div>\r\n                <div id=\"Right14\"><\/div>\r\n            <\/div>\r\n            <div class=\"textocarta\">\r\n                <text class=\"cartan\">CARTA A<\/text><br><br><br> \r\n                <text class=\"nombren popmake-331\">Mar\u00eda Cristina L\u00f3pez Stewart<\/text>\r\n            <\/div>\r\n\r\n            <div class=\"wp-block-columns\">\r\n                <div class=\"Rowicon\">\r\n                    <div id=\"letter\" class=\"Columnrow popmake-331\"><\/div>\r\n                <\/div>\r\n            <\/div>\r\n        <\/div>\r\n    <\/div>\r\n    <div class=\"wp-block-column cartas\">\r\n        <div class=\"cajacartas\">\r\n            <div id=\"Wrap\">\r\n                <div id=\"Left\"><\/div>\r\n                <div id=\"Right15\"><\/div>\r\n            <\/div>\r\n            <div class=\"textocarta\">\r\n                <text class=\"cartan\">CARTA A<\/text><br><br><br> \r\n                <text class=\"nombren popmake-333\">Mar\u00eda Isabel Beltr\u00e1n S\u00e1nchez<\/text>\r\n            <\/div>\r\n\r\n            <div class=\"wp-block-columns\">\r\n                <div class=\"Rowicon\">\r\n                    <div id=\"letter\" class=\"Columnrow popmake-333\"><\/div>\r\n                <\/div>\r\n            <\/div>\r\n        <\/div>\r\n    <\/div>\r\n<\/div>\r\n<div class=\"wp-block-columns\">\r\n    <div class=\"wp-block-column cartas\">\r\n        <div class=\"cajacartas\">\r\n            <div id=\"Wrap\">\r\n                <div id=\"Left\"><\/div>\r\n                <div id=\"Right16\"><\/div>\r\n            <\/div>\r\n            <div class=\"textocarta\">\r\n                <text class=\"cartan\">CARTA A<\/text><br><br><br> \r\n                <text class=\"nombren popmake-335\">Mar\u00eda Isabel Joui Petersen<\/text>\r\n            <\/div>\r\n\r\n            <div class=\"wp-block-columns\">\r\n                <div class=\"Rowicon\">\r\n                    <div id=\"letter\" class=\"Columnrow popmake-335\"><\/div>\r\n                <\/div>\r\n            <\/div>\r\n        <\/div>\r\n    <\/div>\r\n    <div class=\"wp-block-column cartas\">\r\n        <div class=\"cajacartas\">\r\n            <div id=\"Wrap\">\r\n                <div id=\"Left\"><\/div>\r\n                <div id=\"Right17\"><\/div>\r\n            <\/div>\r\n            <div class=\"textocarta\">\r\n                <text class=\"cartan\">CARTA A<\/text><br><br><br> \r\n                <text class=\"nombren popmake-337\">Mar\u00eda Julieta Ram\u00edrez Gallegos<\/text>\r\n            <\/div>\r\n\r\n            <div class=\"wp-block-columns\">\r\n                <div class=\"Rowicon\">\r\n                    <div id=\"letter\" class=\"Columnrow popmake-337\"><\/div>\r\n                <\/div>\r\n            <\/div>\r\n        <\/div>\r\n    <\/div>\r\n    <div class=\"wp-block-column cartas\">\r\n        <div class=\"cajacartas\">\r\n            <div id=\"Wrap\">\r\n                <div id=\"Left\"><\/div>\r\n                <div id=\"Right18\"><\/div>\r\n            <\/div>\r\n            <div class=\"textocarta\">\r\n                <text class=\"cartan\">CARTA A<\/text><br><br><br> \r\n                <text class=\"nombren popmake-339\">Mar\u00eda Loreto Castillo Mu\u00f1oz<\/text>\r\n            <\/div>\r\n\r\n            <div class=\"wp-block-columns\">\r\n                <div class=\"Rowicon\">\r\n                    <div id=\"letter\" class=\"Columnrow \tpopmake-339\"><\/div>\r\n                <\/div>\r\n            <\/div>\r\n        <\/div>\r\n    <\/div>\r\n<\/div>\r\n<div class=\"wp-block-columns\">\r\n    <div class=\"wp-block-column cartas\">\r\n        <div class=\"cajacartas\">\r\n            <div id=\"Wrap\">\r\n                <div id=\"Left\"><\/div>\r\n                <div id=\"Right28\"><\/div>\r\n            <\/div>\r\n            <div class=\"textocarta\">\r\n                <text class=\"cartan\">CARTA A<\/text><br><br><br> \r\n                <text class=\"nombren popmake-341\">Mar\u00eda Loreto Castillo Mu\u00f1oz<\/text>\r\n            <\/div>\r\n\r\n            <div class=\"wp-block-columns\">\r\n                <div class=\"Rowicon\">\r\n                    <div id=\"letter\" class=\"Columnrow popmake-341\"><\/div>\r\n                <\/div>\r\n            <\/div>\r\n        <\/div>\r\n    <\/div>\r\n    <div class=\"wp-block-column cartas\">\r\n        <div class=\"cajacartas\">\r\n            <div id=\"Wrap\">\r\n                <div id=\"Left\"><\/div>\r\n                <div id=\"Right20\"><\/div>\r\n            <\/div>\r\n            <div class=\"textocarta\">\r\n                <text class=\"cartan\">CARTA A<\/text><br><br><br> \r\n                <text class=\"nombren popmake-343\">Marta Lidia Ugarte Rom\u00e1n<\/text>\r\n            <\/div>\r\n\r\n            <div class=\"wp-block-columns\">\r\n                <div class=\"Rowicon\">\r\n                    <div id=\"letter\" class=\"Columnrow popmake-343\"><\/div>\r\n                <\/div>\r\n            <\/div>\r\n        <\/div>\r\n    <\/div>\r\n    <div class=\"wp-block-column cartas\">\r\n        <div class=\"cajacartas\">\r\n            <div id=\"Wrap\">\r\n                <div id=\"Left\"><\/div>\r\n                <div id=\"Right21\"><\/div>\r\n            <\/div>\r\n            <div class=\"textocarta\">\r\n                <text class=\"cartan\">CARTA A<\/text><br><br><br>  \r\n                <text class=\"nombren popmake-345\">M\u00f3nica Chislayne Llanca Iturra<\/text>\r\n            <\/div>\r\n\r\n            <div class=\"wp-block-columns\">\r\n                <div class=\"Rowicon\">\r\n                <div id=\"letter\" class=\"Columnrow popmake-345\"><\/div>\r\n            <\/div>\r\n            <\/div>\r\n        <\/div>\r\n    <\/div>\r\n<\/div>\r\n<div class=\"wp-block-columns\">\r\n    <div class=\"wp-block-column cartas\">\r\n        <div class=\"cajacartas\">\r\n            <div id=\"Wrap\">\r\n                <div id=\"Left\"><\/div>\r\n                <div id=\"Right22\"><\/div>\r\n            <\/div>\r\n            <div class=\"textocarta\">\r\n                <text class=\"cartan\">CARTA A<\/text><br><br><br>  \r\n                <text class=\"nombren popmake-347\">Muriel Dockendorff Navarrete<\/text>\r\n            <\/div>\r\n\r\n            <div class=\"wp-block-columns\">\r\n                <div class=\"Rowicon\">\r\n                    <div id=\"letter\" class=\"Columnrow popmake-347\"><\/div>\r\n                <\/div>\r\n            <\/div>\r\n        <\/div>\r\n    <\/div>\r\n    <div class=\"wp-block-column cartas\">\r\n        <div class=\"cajacartas\">\r\n            <div id=\"Wrap\">\r\n                <div id=\"Left\"><\/div>\r\n                <div id=\"Right23\"><\/div>\r\n            <\/div>\r\n            <div class=\"textocarta\">\r\n                <text class=\"cartan\">CARTA A<\/text><br><br><br>  \r\n                <text class=\"nombren popmake-349\">Reinalda del Carmen Pereira Plaza<\/text>\r\n            <\/div>\r\n\r\n            <div class=\"wp-block-columns\">\r\n                <div class=\"Rowicon\">\r\n                <div id=\"letter\" class=\"Columnrow popmake-349\"><\/div>\r\n            <\/div>\r\n            <\/div>\r\n        <\/div>\r\n    <\/div>\r\n    <div class=\"wp-block-column cartas\">\r\n        <div class=\"cajacartas\">\r\n            <div id=\"Wrap\">\r\n                <div id=\"Left\"><\/div>\r\n                <div id=\"Right24\"><\/div>\r\n            <\/div>\r\n            <div class=\"textocarta\">\r\n                <text class=\"cartan\">CARTA A<\/text><br><br><br>  \r\n                <text class=\"nombren popmake-351\">Rosetta Gianna Pallini Gonz\u00e1lez<\/text>\r\n            <\/div>\r\n\r\n            <div class=\"wp-block-columns\">\r\n                <div class=\"Rowicon\">\r\n                <div id=\"letter\" class=\"Columnrow popmake-351\"><\/div>\r\n            <\/div>\r\n            <\/div>\r\n        <\/div>\r\n    <\/div>\r\n<\/div>\r\n<div class=\"wp-block-columns\">\r\n    <div class=\"wp-block-column cartas\">\r\n        <div class=\"cajacartas\">\r\n            <div id=\"Wrap\">\r\n                <div id=\"Left\"><\/div>\r\n                <div id=\"Right27\"><\/div>\r\n            <\/div>\r\n            <div class=\"textocarta\">\r\n                <text class=\"cartan\">CARTA A<\/text><br><br><br>  \r\n                <text class=\"nombren popmake-353\">Rosetta Gianna Pallini Gonz\u00e1lez<\/text>\r\n            <\/div>\r\n\r\n            <div class=\"wp-block-columns\">\r\n                <div class=\"Rowicon\">\r\n                <div id=\"letter\" class=\"Columnrow popmake-353\"><\/div>\r\n            <\/div>\r\n            <\/div>\r\n        <\/div>\r\n    <\/div>\r\n    <div class=\"wp-block-column cartas\">\r\n        <div class=\"cajacartas\">\r\n            <div id=\"Wrap\">\r\n                <div id=\"Left\"><\/div>\r\n                <div id=\"Right26\"><\/div>\r\n            <\/div>\r\n            <div class=\"textocarta\">\r\n                <text class=\"cartan\">CARTA A<\/text><br><br><br>  \r\n                <text class=\"nombren popmake-355\">Rosetta Gianna Pallini Gonz\u00e1lez<\/text>\r\n            <\/div>\r\n\r\n            <div class=\"wp-block-columns\">\r\n                <div class=\"Rowicon\">\r\n                    <div id=\"letter\" class=\"Columnrow popmake-355\"><\/div>\r\n                <\/div>\r\n            <\/div>\r\n        <\/div>\r\n    <\/div>\r\n    <div class=\"wp-block-column cartas\">\r\n        <div class=\"cajacartas\">\r\n            <div id=\"Wrap\">\r\n                <div id=\"Left\"><\/div>\r\n                <div id=\"Right25\"><\/div>\r\n            <\/div>\r\n            <div class=\"textocarta\">\r\n                <text class=\"cartan\">CARTA A<\/text><br><br><br>  \r\n                <text class=\"nombren popmake-357\">Rosetta Gianna Pallini Gonz\u00e1lez<\/text>\r\n            <\/div>\r\n\r\n            <div class=\"wp-block-columns\">\r\n                <div class=\"Rowicon\">\r\n                    <div id=\"letter\" class=\"Columnrow popmake-357\"><\/div>\r\n                <\/div>\r\n            <\/div>\r\n        <\/div>\r\n    <\/div>\r\n<\/div>\r\n\n\t\t\t\t\t\t <\/div>\n\n\t\t\t\t\t\t\n\t\t\t\t\t\t <div role=\"tabpanel\" class=\"tab-pane \" id=\"tabs_desc_44_4\">\n\n\t\t\t\t\t\t\t\t<br>\r\n<br>\r\n<p style=\"text-align: center; font-family: 'Work Sans'; font-weight: bold; font-size: 26px; letter-spacing: 1px; color: #944c8c;\"><strong style=\"font-family: 'Work Sans';\">CREAR EN RED<\/strong><\/p>\r\n\r\n<div class=\"wp-block-columns\">\r\n<div class=\"wp-block-column\">\r\n<p style=\"text-align: justify; text-justify: inter-word; font-family: 'Work Sans'; color: #6f6f6e; font-size: 16px;\">Epistolaria 2021 ha sido, para nosotras, una invitaci\u00f3n a volver a pasar por el coraz\u00f3n las historias de mujeres que viven en nuestro recuerdo personal y colectivo. Hemos vivido un rito \u00fanico que enlaza verdad, justicia, reparaci\u00f3n y cari\u00f1o.\r\nHemos hilado colaborativamente, tomando de manera consciente y sensible las voces de mujeres del presente que escriben a mujeres del pasado, voces plasmadas en letras que trenzan el devenir del mundo que buscamos reparar, construir, transformar y cuidar. Sostenidas en la premisa de traer a la vida y en la puesta en valor del legado de<\/p>\r\n\r\n<\/div>\r\n<div class=\"wp-block-column\">\r\n<p style=\"text-align: justify; text-justify: inter-word; font-family: 'Work Sans'; color: #6f6f6e; font-size: 16px;\">resistencia de luchadoras incansables, como red de actrices feministas hicimos una convocatoria abierta a todas nuestras compa\u00f1eras para participar en diversos roles, con el fin de crear c\u00e1psulas audiovisuales que bailan junto a las cartas, sus remitentes y sus destinatarias. Cada detalle tiene un valor \u00fanico y significativo, trenzado por la biograf\u00eda personal y colectiva, as\u00ed el rito \u00fanico trae al presente lo pasado y lo re-significamos juntas.\r\nEpistolaria 2021 es un acto de memoria, de resistencia y de ternura. Un gran tejido de creadoras inspiradas en mujeres que escriben a mujeres.<\/p>\r\n\r\n<\/div>\r\n<\/div>\r\n<p style=\"text-align: center; font-family: 'Work Sans'; color: #6f6f6e; font-size: 16px;\">\u00a1Seguir\u00e1n vivas siempre!<\/p>\r\n<div><p><br><\/p><\/div>\r\n<div><p><br><\/p><\/div>\r\n<p style=\"text-align: center;\"><img loading=\"lazy\" decoding=\"async\" class=\"size-medium wp-image-78 aligncenter\" style=\"border-bottom: 1px solid #6F6F6E; padding-bottom: 25px;\" src=\"https:\/\/epistolariodelamemoria.cl\/2021\/wp-content\/uploads\/2021\/08\/Recurso-36-300x37.png\" alt=\"\" width=\"300\" height=\"37\" srcset=\"https:\/\/epistolariodelamemoria.cl\/2021\/wp-content\/uploads\/2021\/08\/Recurso-36-300x37.png 300w, https:\/\/epistolariodelamemoria.cl\/2021\/wp-content\/uploads\/2021\/08\/Recurso-36.png 373w\" sizes=\"auto, (max-width: 300px) 100vw, 300px\" \/><\/p>\r\n\r\n<div>\r\n<div class=\"Rowicon\" style=\"display: flex; justify-content: center; margin: 0 auto;\">\r\n<div class=\"Columnrow\"><a href=\"https:\/\/www.instagram.com\/actriceschile\/\"><img loading=\"lazy\" decoding=\"async\" class=\"alignnone wp-image-79 size-full\" src=\"https:\/\/epistolariodelamemoria.cl\/2021\/wp-content\/uploads\/2021\/08\/Recurso-37.png\" alt=\"\" width=\"40\" height=\"40\" \/><\/a><\/div>\r\n<div class=\"Columnrow\">\u00a0 \u00a0 <a href=\"https:\/\/www.twitter.com\/actriceschile\"><img loading=\"lazy\" decoding=\"async\" class=\"alignnone wp-image-80 size-full\" src=\"https:\/\/epistolariodelamemoria.cl\/2021\/wp-content\/uploads\/2021\/08\/Recurso-38.png\" alt=\"\" width=\"40\" height=\"40\" \/><\/a><\/div>\r\n<div class=\"Columnrow\">\u00a0 \u00a0 <a href=\"https:\/\/www.facebook.com\/actriceschile\"><img loading=\"lazy\" decoding=\"async\" class=\"alignnone wp-image-81 size-full\" src=\"https:\/\/epistolariodelamemoria.cl\/2021\/wp-content\/uploads\/2021\/09\/facebooklogo.png\" alt=\"\" width=\"40\" height=\"41\" \/><\/a><\/div>\r\n<\/div>\r\n<\/div>\r\n<div><p><br><\/p><\/div>\r\n<div><p><br><\/p><\/div>\r\n<div><p><br><\/p><\/div>\r\n<div class=\"foogallery foogallery-container foogallery-masonry foogallery-lightbox-none fg-center fg-masonry fg-transparent fg-loading-bars fg-loaded-fade-in fg-captions-bottom fg-hover-instant fg-light-overlays fg-ready fg-col3\" id=\"foogallery-gallery-406\" data-foogallery=\"{&quot;item&quot;:{&quot;showCaptionTitle&quot;:false,&quot;showCaptionDescription&quot;:true},&quot;lazy&quot;:true}\" >\n\t\t<div class=\"fg-column-width\"><\/div>\n\t<div class=\"fg-gutter-width\"><\/div>\n\t\t<div class=\"fg-item fg-type-image fg-idle\"><figure class=\"fg-item-inner\"><a data-attachment-id=\"217\" class=\"fg-thumb\"><span class=\"fg-image-wrap\"><img loading=\"lazy\" decoding=\"async\" width=\"250\" height=\"188\" class=\"skip-lazy fg-image\" data-src-fg=\"https:\/\/epistolariodelamemoria.cl\/2021\/wp-content\/uploads\/cache\/2021\/09\/00-scaled\/4025283842.jpg\" src=\"data:image\/svg+xml,%3Csvg%20xmlns%3D%22http%3A%2F%2Fwww.w3.org%2F2000%2Fsvg%22%20width%3D%22250%22%20height%3D%22188%22%20viewBox%3D%220%200%20250%20188%22%3E%3C%2Fsvg%3E\" \/><\/span><span class=\"fg-image-overlay\"><\/span><\/a><\/figure><div class=\"fg-loader\"><\/div><\/div><div class=\"fg-item fg-type-image fg-idle\"><figure class=\"fg-item-inner\"><a data-attachment-id=\"218\" class=\"fg-thumb\"><span class=\"fg-image-wrap\"><img loading=\"lazy\" decoding=\"async\" width=\"250\" height=\"148\" class=\"skip-lazy fg-image\" data-src-fg=\"https:\/\/epistolariodelamemoria.cl\/2021\/wp-content\/uploads\/cache\/2021\/09\/01\/1852373960.jpeg\" src=\"data:image\/svg+xml,%3Csvg%20xmlns%3D%22http%3A%2F%2Fwww.w3.org%2F2000%2Fsvg%22%20width%3D%22250%22%20height%3D%22148%22%20viewBox%3D%220%200%20250%20148%22%3E%3C%2Fsvg%3E\" \/><\/span><span class=\"fg-image-overlay\"><\/span><\/a><\/figure><div class=\"fg-loader\"><\/div><\/div><div class=\"fg-item fg-type-image fg-idle\"><figure class=\"fg-item-inner\"><a data-attachment-id=\"221\" class=\"fg-thumb\"><span class=\"fg-image-wrap\"><img loading=\"lazy\" decoding=\"async\" width=\"250\" height=\"514\" class=\"skip-lazy fg-image\" data-src-fg=\"https:\/\/epistolariodelamemoria.cl\/2021\/wp-content\/uploads\/cache\/2021\/09\/3\/1630012994.jpeg\" src=\"data:image\/svg+xml,%3Csvg%20xmlns%3D%22http%3A%2F%2Fwww.w3.org%2F2000%2Fsvg%22%20width%3D%22250%22%20height%3D%22514%22%20viewBox%3D%220%200%20250%20514%22%3E%3C%2Fsvg%3E\" \/><\/span><span class=\"fg-image-overlay\"><\/span><\/a><\/figure><div class=\"fg-loader\"><\/div><\/div><div class=\"fg-item fg-type-image fg-idle\"><figure class=\"fg-item-inner\"><a data-attachment-id=\"220\" class=\"fg-thumb\"><span class=\"fg-image-wrap\"><img loading=\"lazy\" decoding=\"async\" width=\"250\" height=\"141\" class=\"skip-lazy fg-image\" data-src-fg=\"https:\/\/epistolariodelamemoria.cl\/2021\/wp-content\/uploads\/cache\/2021\/09\/2\/250675401.jpeg\" src=\"data:image\/svg+xml,%3Csvg%20xmlns%3D%22http%3A%2F%2Fwww.w3.org%2F2000%2Fsvg%22%20width%3D%22250%22%20height%3D%22141%22%20viewBox%3D%220%200%20250%20141%22%3E%3C%2Fsvg%3E\" \/><\/span><span class=\"fg-image-overlay\"><\/span><\/a><\/figure><div class=\"fg-loader\"><\/div><\/div><div class=\"fg-item fg-type-image fg-idle\"><figure class=\"fg-item-inner\"><a data-attachment-id=\"219\" class=\"fg-thumb\"><span class=\"fg-image-wrap\"><img loading=\"lazy\" decoding=\"async\" width=\"250\" height=\"333\" class=\"skip-lazy fg-image\" data-src-fg=\"https:\/\/epistolariodelamemoria.cl\/2021\/wp-content\/uploads\/cache\/2021\/09\/1\/2524232545.jpg\" src=\"data:image\/svg+xml,%3Csvg%20xmlns%3D%22http%3A%2F%2Fwww.w3.org%2F2000%2Fsvg%22%20width%3D%22250%22%20height%3D%22333%22%20viewBox%3D%220%200%20250%20333%22%3E%3C%2Fsvg%3E\" \/><\/span><span class=\"fg-image-overlay\"><\/span><\/a><\/figure><div class=\"fg-loader\"><\/div><\/div><div class=\"fg-item fg-type-image fg-idle\"><figure class=\"fg-item-inner\"><a data-caption-desc=\"En nuestra piel quedaron tantos momentos vividos\" data-attachment-id=\"222\" class=\"fg-thumb\"><span class=\"fg-image-wrap\"><img loading=\"lazy\" decoding=\"async\" width=\"250\" height=\"188\" class=\"skip-lazy fg-image\" data-src-fg=\"https:\/\/epistolariodelamemoria.cl\/2021\/wp-content\/uploads\/cache\/2021\/09\/4\/2360302803.jpeg\" src=\"data:image\/svg+xml,%3Csvg%20xmlns%3D%22http%3A%2F%2Fwww.w3.org%2F2000%2Fsvg%22%20width%3D%22250%22%20height%3D%22188%22%20viewBox%3D%220%200%20250%20188%22%3E%3C%2Fsvg%3E\" \/><\/span><span class=\"fg-image-overlay\"><\/span><\/a><figcaption class=\"fg-caption\"><div class=\"fg-caption-inner\"><div class=\"fg-caption-desc\">En nuestra piel quedaron tantos momentos vividos<\/div><\/div><\/figcaption><\/figure><div class=\"fg-loader\"><\/div><\/div><div class=\"fg-item fg-type-image fg-idle\"><figure class=\"fg-item-inner\"><a data-attachment-id=\"226\" class=\"fg-thumb\"><span class=\"fg-image-wrap\"><img loading=\"lazy\" decoding=\"async\" width=\"250\" height=\"141\" class=\"skip-lazy fg-image\" data-src-fg=\"https:\/\/epistolariodelamemoria.cl\/2021\/wp-content\/uploads\/cache\/2021\/09\/8-scaled\/821922482.jpeg\" src=\"data:image\/svg+xml,%3Csvg%20xmlns%3D%22http%3A%2F%2Fwww.w3.org%2F2000%2Fsvg%22%20width%3D%22250%22%20height%3D%22141%22%20viewBox%3D%220%200%20250%20141%22%3E%3C%2Fsvg%3E\" \/><\/span><span class=\"fg-image-overlay\"><\/span><\/a><\/figure><div class=\"fg-loader\"><\/div><\/div><div class=\"fg-item fg-type-image fg-idle\"><figure class=\"fg-item-inner\"><a data-caption-desc=\"\u00bfC\u00f3mo podr\u00eda olvidarte si est\u00e1s sembrada en mi coraz\u00f3n?\" data-attachment-id=\"223\" class=\"fg-thumb\"><span class=\"fg-image-wrap\"><img loading=\"lazy\" decoding=\"async\" width=\"250\" height=\"188\" class=\"skip-lazy fg-image\" data-src-fg=\"https:\/\/epistolariodelamemoria.cl\/2021\/wp-content\/uploads\/cache\/2021\/09\/5\/630395285.jpg\" src=\"data:image\/svg+xml,%3Csvg%20xmlns%3D%22http%3A%2F%2Fwww.w3.org%2F2000%2Fsvg%22%20width%3D%22250%22%20height%3D%22188%22%20viewBox%3D%220%200%20250%20188%22%3E%3C%2Fsvg%3E\" \/><\/span><span class=\"fg-image-overlay\"><\/span><\/a><figcaption class=\"fg-caption\"><div class=\"fg-caption-inner\"><div class=\"fg-caption-desc\">\u00bfC\u00f3mo podr\u00eda olvidarte si est\u00e1s sembrada en mi coraz\u00f3n?<\/div><\/div><\/figcaption><\/figure><div class=\"fg-loader\"><\/div><\/div><div class=\"fg-item fg-type-image fg-idle\"><figure class=\"fg-item-inner\"><a data-caption-title=\"dav\" data-attachment-id=\"225\" class=\"fg-thumb\"><span class=\"fg-image-wrap\"><img loading=\"lazy\" decoding=\"async\" title=\"dav\" width=\"250\" height=\"445\" class=\"skip-lazy fg-image\" data-src-fg=\"https:\/\/epistolariodelamemoria.cl\/2021\/wp-content\/uploads\/cache\/2021\/09\/7-scaled\/2157426307.jpeg\" src=\"data:image\/svg+xml,%3Csvg%20xmlns%3D%22http%3A%2F%2Fwww.w3.org%2F2000%2Fsvg%22%20width%3D%22250%22%20height%3D%22445%22%20viewBox%3D%220%200%20250%20445%22%3E%3C%2Fsvg%3E\" \/><\/span><span class=\"fg-image-overlay\"><\/span><\/a><\/figure><div class=\"fg-loader\"><\/div><\/div><div class=\"fg-item fg-type-image fg-idle\"><figure class=\"fg-item-inner\"><a data-attachment-id=\"227\" class=\"fg-thumb\"><span class=\"fg-image-wrap\"><img loading=\"lazy\" decoding=\"async\" width=\"250\" height=\"188\" class=\"skip-lazy fg-image\" data-src-fg=\"https:\/\/epistolariodelamemoria.cl\/2021\/wp-content\/uploads\/cache\/2021\/09\/9\/2294458169.jpg\" src=\"data:image\/svg+xml,%3Csvg%20xmlns%3D%22http%3A%2F%2Fwww.w3.org%2F2000%2Fsvg%22%20width%3D%22250%22%20height%3D%22188%22%20viewBox%3D%220%200%20250%20188%22%3E%3C%2Fsvg%3E\" \/><\/span><span class=\"fg-image-overlay\"><\/span><\/a><\/figure><div class=\"fg-loader\"><\/div><\/div><div class=\"fg-item fg-type-image fg-idle\"><figure class=\"fg-item-inner\"><a data-attachment-id=\"224\" class=\"fg-thumb\"><span class=\"fg-image-wrap\"><img loading=\"lazy\" decoding=\"async\" width=\"250\" height=\"141\" class=\"skip-lazy fg-image\" data-src-fg=\"https:\/\/epistolariodelamemoria.cl\/2021\/wp-content\/uploads\/cache\/2021\/09\/6-scaled\/998183403.jpeg\" src=\"data:image\/svg+xml,%3Csvg%20xmlns%3D%22http%3A%2F%2Fwww.w3.org%2F2000%2Fsvg%22%20width%3D%22250%22%20height%3D%22141%22%20viewBox%3D%220%200%20250%20141%22%3E%3C%2Fsvg%3E\" \/><\/span><span class=\"fg-image-overlay\"><\/span><\/a><\/figure><div class=\"fg-loader\"><\/div><\/div><div class=\"fg-item fg-type-image fg-idle\"><figure class=\"fg-item-inner\"><a data-caption-desc=\"Quiero contarte que hoy son muchas las que han tomado el relevo, muchachas hermosas, llenas de amor y valent\u00eda.\" data-attachment-id=\"228\" class=\"fg-thumb\"><span class=\"fg-image-wrap\"><img loading=\"lazy\" decoding=\"async\" width=\"250\" height=\"153\" class=\"skip-lazy fg-image\" data-src-fg=\"https:\/\/epistolariodelamemoria.cl\/2021\/wp-content\/uploads\/cache\/2021\/09\/10-scaled\/317262439.jpg\" src=\"data:image\/svg+xml,%3Csvg%20xmlns%3D%22http%3A%2F%2Fwww.w3.org%2F2000%2Fsvg%22%20width%3D%22250%22%20height%3D%22153%22%20viewBox%3D%220%200%20250%20153%22%3E%3C%2Fsvg%3E\" \/><\/span><span class=\"fg-image-overlay\"><\/span><\/a><figcaption class=\"fg-caption\"><div class=\"fg-caption-inner\"><div class=\"fg-caption-desc\">Quiero contarte que hoy son muchas las que han tomado el relevo, muchachas hermosas, llenas de amor y valent\u00eda.<\/div><\/div><\/figcaption><\/figure><div class=\"fg-loader\"><\/div><\/div><div class=\"fg-item fg-type-image fg-idle\"><figure class=\"fg-item-inner\"><a data-attachment-id=\"229\" class=\"fg-thumb\"><span class=\"fg-image-wrap\"><img loading=\"lazy\" decoding=\"async\" width=\"250\" height=\"188\" class=\"skip-lazy fg-image\" data-src-fg=\"https:\/\/epistolariodelamemoria.cl\/2021\/wp-content\/uploads\/cache\/2021\/09\/11\/3736241107.jpeg\" src=\"data:image\/svg+xml,%3Csvg%20xmlns%3D%22http%3A%2F%2Fwww.w3.org%2F2000%2Fsvg%22%20width%3D%22250%22%20height%3D%22188%22%20viewBox%3D%220%200%20250%20188%22%3E%3C%2Fsvg%3E\" \/><\/span><span class=\"fg-image-overlay\"><\/span><\/a><\/figure><div class=\"fg-loader\"><\/div><\/div><div class=\"fg-item fg-type-image fg-idle\"><figure class=\"fg-item-inner\"><a data-caption-desc=\"alzando su voz en la resistencia y en el amor.\" data-attachment-id=\"230\" class=\"fg-thumb\"><span class=\"fg-image-wrap\"><img loading=\"lazy\" decoding=\"async\" width=\"250\" height=\"187\" class=\"skip-lazy fg-image\" data-src-fg=\"https:\/\/epistolariodelamemoria.cl\/2021\/wp-content\/uploads\/cache\/2021\/09\/12\/4152054316.jpeg\" src=\"data:image\/svg+xml,%3Csvg%20xmlns%3D%22http%3A%2F%2Fwww.w3.org%2F2000%2Fsvg%22%20width%3D%22250%22%20height%3D%22187%22%20viewBox%3D%220%200%20250%20187%22%3E%3C%2Fsvg%3E\" \/><\/span><span class=\"fg-image-overlay\"><\/span><\/a><figcaption class=\"fg-caption\"><div class=\"fg-caption-inner\"><div class=\"fg-caption-desc\">alzando su voz en la resistencia y en el amor.<\/div><\/div><\/figcaption><\/figure><div class=\"fg-loader\"><\/div><\/div><div class=\"fg-item fg-type-image fg-idle\"><figure class=\"fg-item-inner\"><a data-attachment-id=\"231\" class=\"fg-thumb\"><span class=\"fg-image-wrap\"><img loading=\"lazy\" decoding=\"async\" width=\"250\" height=\"188\" class=\"skip-lazy fg-image\" data-src-fg=\"https:\/\/epistolariodelamemoria.cl\/2021\/wp-content\/uploads\/cache\/2021\/09\/13-rotated\/3177285639.jpg\" src=\"data:image\/svg+xml,%3Csvg%20xmlns%3D%22http%3A%2F%2Fwww.w3.org%2F2000%2Fsvg%22%20width%3D%22250%22%20height%3D%22188%22%20viewBox%3D%220%200%20250%20188%22%3E%3C%2Fsvg%3E\" \/><\/span><span class=\"fg-image-overlay\"><\/span><\/a><\/figure><div class=\"fg-loader\"><\/div><\/div><div class=\"fg-item fg-type-image fg-idle\"><figure class=\"fg-item-inner\"><a data-caption-desc=\"No fue en vano, hermana\u2026 \nPorque somos los puentes de la historia.\" data-attachment-id=\"232\" class=\"fg-thumb\"><span class=\"fg-image-wrap\"><img loading=\"lazy\" decoding=\"async\" width=\"250\" height=\"333\" class=\"skip-lazy fg-image\" data-src-fg=\"https:\/\/epistolariodelamemoria.cl\/2021\/wp-content\/uploads\/cache\/2021\/09\/14\/1956641991.jpeg\" src=\"data:image\/svg+xml,%3Csvg%20xmlns%3D%22http%3A%2F%2Fwww.w3.org%2F2000%2Fsvg%22%20width%3D%22250%22%20height%3D%22333%22%20viewBox%3D%220%200%20250%20333%22%3E%3C%2Fsvg%3E\" \/><\/span><span class=\"fg-image-overlay\"><\/span><\/a><figcaption class=\"fg-caption\"><div class=\"fg-caption-inner\"><div class=\"fg-caption-desc\">No fue en vano, hermana\u2026 \nPorque somos los puentes de la historia.<\/div><\/div><\/figcaption><\/figure><div class=\"fg-loader\"><\/div><\/div><div class=\"fg-item fg-type-image fg-idle\"><figure class=\"fg-item-inner\"><a data-attachment-id=\"233\" class=\"fg-thumb\"><span class=\"fg-image-wrap\"><img loading=\"lazy\" decoding=\"async\" width=\"250\" height=\"188\" class=\"skip-lazy fg-image\" data-src-fg=\"https:\/\/epistolariodelamemoria.cl\/2021\/wp-content\/uploads\/cache\/2021\/09\/15-scaled\/951170317.jpeg\" src=\"data:image\/svg+xml,%3Csvg%20xmlns%3D%22http%3A%2F%2Fwww.w3.org%2F2000%2Fsvg%22%20width%3D%22250%22%20height%3D%22188%22%20viewBox%3D%220%200%20250%20188%22%3E%3C%2Fsvg%3E\" \/><\/span><span class=\"fg-image-overlay\"><\/span><\/a><\/figure><div class=\"fg-loader\"><\/div><\/div><div class=\"fg-item fg-type-image fg-idle\"><figure class=\"fg-item-inner\"><a data-attachment-id=\"234\" class=\"fg-thumb\"><span class=\"fg-image-wrap\"><img loading=\"lazy\" decoding=\"async\" width=\"250\" height=\"114\" class=\"skip-lazy fg-image\" data-src-fg=\"https:\/\/epistolariodelamemoria.cl\/2021\/wp-content\/uploads\/cache\/2021\/09\/16-scaled\/241596471.jpg\" src=\"data:image\/svg+xml,%3Csvg%20xmlns%3D%22http%3A%2F%2Fwww.w3.org%2F2000%2Fsvg%22%20width%3D%22250%22%20height%3D%22114%22%20viewBox%3D%220%200%20250%20114%22%3E%3C%2Fsvg%3E\" \/><\/span><span class=\"fg-image-overlay\"><\/span><\/a><\/figure><div class=\"fg-loader\"><\/div><\/div><div class=\"fg-item fg-type-image fg-idle\"><figure class=\"fg-item-inner\"><a data-caption-desc=\"Contarte que la ternura se ha vuelto una forma de lucha\" data-attachment-id=\"237\" class=\"fg-thumb\"><span class=\"fg-image-wrap\"><img loading=\"lazy\" decoding=\"async\" width=\"250\" height=\"333\" class=\"skip-lazy fg-image\" data-src-fg=\"https:\/\/epistolariodelamemoria.cl\/2021\/wp-content\/uploads\/cache\/2021\/09\/19\/3738435314.jpg\" src=\"data:image\/svg+xml,%3Csvg%20xmlns%3D%22http%3A%2F%2Fwww.w3.org%2F2000%2Fsvg%22%20width%3D%22250%22%20height%3D%22333%22%20viewBox%3D%220%200%20250%20333%22%3E%3C%2Fsvg%3E\" \/><\/span><span class=\"fg-image-overlay\"><\/span><\/a><figcaption class=\"fg-caption\"><div class=\"fg-caption-inner\"><div class=\"fg-caption-desc\">Contarte que la ternura se ha vuelto una forma de lucha<\/div><\/div><\/figcaption><\/figure><div class=\"fg-loader\"><\/div><\/div><div class=\"fg-item fg-type-image fg-idle\"><figure class=\"fg-item-inner\"><a data-attachment-id=\"236\" class=\"fg-thumb\"><span class=\"fg-image-wrap\"><img loading=\"lazy\" decoding=\"async\" width=\"250\" height=\"141\" class=\"skip-lazy fg-image\" data-src-fg=\"https:\/\/epistolariodelamemoria.cl\/2021\/wp-content\/uploads\/cache\/2021\/09\/18\/390522042.png\" src=\"data:image\/svg+xml,%3Csvg%20xmlns%3D%22http%3A%2F%2Fwww.w3.org%2F2000%2Fsvg%22%20width%3D%22250%22%20height%3D%22141%22%20viewBox%3D%220%200%20250%20141%22%3E%3C%2Fsvg%3E\" \/><\/span><span class=\"fg-image-overlay\"><\/span><\/a><\/figure><div class=\"fg-loader\"><\/div><\/div><div class=\"fg-item fg-type-image fg-idle\"><figure class=\"fg-item-inner\"><a data-attachment-id=\"235\" class=\"fg-thumb\"><span class=\"fg-image-wrap\"><img loading=\"lazy\" decoding=\"async\" width=\"250\" height=\"97\" class=\"skip-lazy fg-image\" data-src-fg=\"https:\/\/epistolariodelamemoria.cl\/2021\/wp-content\/uploads\/cache\/2021\/09\/17\/1199620430.png\" src=\"data:image\/svg+xml,%3Csvg%20xmlns%3D%22http%3A%2F%2Fwww.w3.org%2F2000%2Fsvg%22%20width%3D%22250%22%20height%3D%2297%22%20viewBox%3D%220%200%20250%2097%22%3E%3C%2Fsvg%3E\" \/><\/span><span class=\"fg-image-overlay\"><\/span><\/a><\/figure><div class=\"fg-loader\"><\/div><\/div><div class=\"fg-item fg-type-image fg-idle\"><figure class=\"fg-item-inner\"><a data-attachment-id=\"240\" class=\"fg-thumb\"><span class=\"fg-image-wrap\"><img loading=\"lazy\" decoding=\"async\" width=\"250\" height=\"333\" class=\"skip-lazy fg-image\" data-src-fg=\"https:\/\/epistolariodelamemoria.cl\/2021\/wp-content\/uploads\/cache\/2021\/09\/21\/2610262125.jpeg\" src=\"data:image\/svg+xml,%3Csvg%20xmlns%3D%22http%3A%2F%2Fwww.w3.org%2F2000%2Fsvg%22%20width%3D%22250%22%20height%3D%22333%22%20viewBox%3D%220%200%20250%20333%22%3E%3C%2Fsvg%3E\" \/><\/span><span class=\"fg-image-overlay\"><\/span><\/a><\/figure><div class=\"fg-loader\"><\/div><\/div><div class=\"fg-item fg-type-image fg-idle\"><figure class=\"fg-item-inner\"><a data-caption-desc=\"Florecer\u00e1s en ellas.\" data-attachment-id=\"239\" class=\"fg-thumb\"><span class=\"fg-image-wrap\"><img loading=\"lazy\" decoding=\"async\" width=\"250\" height=\"188\" class=\"skip-lazy fg-image\" data-src-fg=\"https:\/\/epistolariodelamemoria.cl\/2021\/wp-content\/uploads\/cache\/2021\/09\/20-scaled\/3939844834.jpg\" src=\"data:image\/svg+xml,%3Csvg%20xmlns%3D%22http%3A%2F%2Fwww.w3.org%2F2000%2Fsvg%22%20width%3D%22250%22%20height%3D%22188%22%20viewBox%3D%220%200%20250%20188%22%3E%3C%2Fsvg%3E\" \/><\/span><span class=\"fg-image-overlay\"><\/span><\/a><figcaption class=\"fg-caption\"><div class=\"fg-caption-inner\"><div class=\"fg-caption-desc\">Florecer\u00e1s en ellas.<\/div><\/div><\/figcaption><\/figure><div class=\"fg-loader\"><\/div><\/div><div class=\"fg-item fg-type-image fg-idle\"><figure class=\"fg-item-inner\"><a data-attachment-id=\"241\" class=\"fg-thumb\"><span class=\"fg-image-wrap\"><img loading=\"lazy\" decoding=\"async\" width=\"250\" height=\"141\" class=\"skip-lazy fg-image\" data-src-fg=\"https:\/\/epistolariodelamemoria.cl\/2021\/wp-content\/uploads\/cache\/2021\/09\/22\/1352739324.png\" src=\"data:image\/svg+xml,%3Csvg%20xmlns%3D%22http%3A%2F%2Fwww.w3.org%2F2000%2Fsvg%22%20width%3D%22250%22%20height%3D%22141%22%20viewBox%3D%220%200%20250%20141%22%3E%3C%2Fsvg%3E\" \/><\/span><span class=\"fg-image-overlay\"><\/span><\/a><\/figure><div class=\"fg-loader\"><\/div><\/div><div class=\"fg-item fg-type-image fg-idle\"><figure class=\"fg-item-inner\"><a data-attachment-id=\"242\" class=\"fg-thumb\"><span class=\"fg-image-wrap\"><img loading=\"lazy\" decoding=\"async\" width=\"250\" height=\"445\" class=\"skip-lazy fg-image\" data-src-fg=\"https:\/\/epistolariodelamemoria.cl\/2021\/wp-content\/uploads\/cache\/2021\/09\/23\/1752176164.jpg\" src=\"data:image\/svg+xml,%3Csvg%20xmlns%3D%22http%3A%2F%2Fwww.w3.org%2F2000%2Fsvg%22%20width%3D%22250%22%20height%3D%22445%22%20viewBox%3D%220%200%20250%20445%22%3E%3C%2Fsvg%3E\" \/><\/span><span class=\"fg-image-overlay\"><\/span><\/a><\/figure><div class=\"fg-loader\"><\/div><\/div><div class=\"fg-item fg-type-image fg-idle\"><figure class=\"fg-item-inner\"><a data-caption-desc=\"Revivir\u00e1n ellas tu sonrisa y cantar\u00e1n ellas tus poemas en los luminosos tiempos venideros, que ser\u00e1n verdes y morados.\" data-attachment-id=\"243\" class=\"fg-thumb\"><span class=\"fg-image-wrap\"><img loading=\"lazy\" decoding=\"async\" width=\"250\" height=\"141\" class=\"skip-lazy fg-image\" data-src-fg=\"https:\/\/epistolariodelamemoria.cl\/2021\/wp-content\/uploads\/cache\/2021\/09\/24\/3023768275.jpeg\" src=\"data:image\/svg+xml,%3Csvg%20xmlns%3D%22http%3A%2F%2Fwww.w3.org%2F2000%2Fsvg%22%20width%3D%22250%22%20height%3D%22141%22%20viewBox%3D%220%200%20250%20141%22%3E%3C%2Fsvg%3E\" \/><\/span><span class=\"fg-image-overlay\"><\/span><\/a><figcaption class=\"fg-caption\"><div class=\"fg-caption-inner\"><div class=\"fg-caption-desc\">Revivir\u00e1n ellas tu sonrisa y cantar\u00e1n ellas tus poemas en los luminosos tiempos venideros, que ser\u00e1n verdes y morados.<\/div><\/div><\/figcaption><\/figure><div class=\"fg-loader\"><\/div><\/div><div class=\"fg-item fg-type-image fg-idle\"><figure class=\"fg-item-inner\"><a data-caption-desc=\"Amiga del alma, son tiempos de volver a encontrarnos.\" data-attachment-id=\"245\" class=\"fg-thumb\"><span class=\"fg-image-wrap\"><img loading=\"lazy\" decoding=\"async\" width=\"250\" height=\"188\" class=\"skip-lazy fg-image\" data-src-fg=\"https:\/\/epistolariodelamemoria.cl\/2021\/wp-content\/uploads\/cache\/2021\/09\/26\/1354718647.jpeg\" src=\"data:image\/svg+xml,%3Csvg%20xmlns%3D%22http%3A%2F%2Fwww.w3.org%2F2000%2Fsvg%22%20width%3D%22250%22%20height%3D%22188%22%20viewBox%3D%220%200%20250%20188%22%3E%3C%2Fsvg%3E\" \/><\/span><span class=\"fg-image-overlay\"><\/span><\/a><figcaption class=\"fg-caption\"><div class=\"fg-caption-inner\"><div class=\"fg-caption-desc\">Amiga del alma, son tiempos de volver a encontrarnos.<\/div><\/div><\/figcaption><\/figure><div class=\"fg-loader\"><\/div><\/div><div class=\"fg-item fg-type-image fg-idle\"><figure class=\"fg-item-inner\"><a data-attachment-id=\"244\" class=\"fg-thumb\"><span class=\"fg-image-wrap\"><img loading=\"lazy\" decoding=\"async\" width=\"250\" height=\"171\" class=\"skip-lazy fg-image\" data-src-fg=\"https:\/\/epistolariodelamemoria.cl\/2021\/wp-content\/uploads\/cache\/2021\/09\/25\/4243950050.jpeg\" src=\"data:image\/svg+xml,%3Csvg%20xmlns%3D%22http%3A%2F%2Fwww.w3.org%2F2000%2Fsvg%22%20width%3D%22250%22%20height%3D%22171%22%20viewBox%3D%220%200%20250%20171%22%3E%3C%2Fsvg%3E\" \/><\/span><span class=\"fg-image-overlay\"><\/span><\/a><\/figure><div class=\"fg-loader\"><\/div><\/div><div class=\"fg-item fg-type-image fg-idle\"><figure class=\"fg-item-inner\"><a data-attachment-id=\"246\" class=\"fg-thumb\"><span class=\"fg-image-wrap\"><img loading=\"lazy\" decoding=\"async\" width=\"250\" height=\"188\" class=\"skip-lazy fg-image\" data-src-fg=\"https:\/\/epistolariodelamemoria.cl\/2021\/wp-content\/uploads\/cache\/2021\/09\/27\/2824756641.png\" src=\"data:image\/svg+xml,%3Csvg%20xmlns%3D%22http%3A%2F%2Fwww.w3.org%2F2000%2Fsvg%22%20width%3D%22250%22%20height%3D%22188%22%20viewBox%3D%220%200%20250%20188%22%3E%3C%2Fsvg%3E\" \/><\/span><span class=\"fg-image-overlay\"><\/span><\/a><\/figure><div class=\"fg-loader\"><\/div><\/div><\/div>\n\t\t\t\t\t\t <\/div>\n\n\t\t\t\t\t\t\t\n\n\t\t\t\t\t <\/div>\n\n\t\t\t\t\t \n\n\t\t\t\t <\/div>\n\n <script>\n\n\t\tjQuery(function () {\n\n\t\t\tjQuery('#myTab_44 a:first').tab('show')\n\n\t\t});\n\n\t\t\n\n\t\t\n\t\tjQuery(function(){\n\n\t\t\tvar b=\"fadeIn\";\n\n\t\t\tvar c;\n\n\t\t\tvar a;\n\n\t\t\td(jQuery(\"#myTab_44 a\"),jQuery(\"#tab-content_44\"));function d(e,f,g){\n\n\t\t\t\te.click(function(i){\n\n\t\t\t\t\ti.preventDefault();\n\n\t\t\t\t\tjQuery(this).tab(\"show\");\n\n\t\t\t\t\tvar h=jQuery(this).data(\"easein\");\n\n\t\t\t\t\tif(c){c.removeClass(a);}\n\n\t\t\t\t\tif(h){f.find(\"div.active\").addClass(\"animated \"+h);a=h;}\n\n\t\t\t\t\telse{if(g){f.find(\"div.active\").addClass(\"animated \"+g);a=g;}else{f.find(\"div.active\").addClass(\"animated \"+b);a=b;}}c=f.find(\"div.active\");\n\n\t\t\t\t});\n\n\t\t\t}\n\n\t\t});\n\n\t\t\n\t<\/script>\n\n\t\t\t\t\n\n\t\t\t\n","protected":false},"excerpt":{"rendered":"","protected":false},"author":1,"featured_media":0,"parent":0,"menu_order":0,"comment_status":"closed","ping_status":"closed","template":"page-templates\/homepage-builder-bb.php","meta":{"footnotes":""},"class_list":["post-6","page","type-page","status-publish","hentry"],"_links":{"self":[{"href":"https:\/\/epistolariodelamemoria.cl\/2021\/wp-json\/wp\/v2\/pages\/6","targetHints":{"allow":["GET"]}}],"collection":[{"href":"https:\/\/epistolariodelamemoria.cl\/2021\/wp-json\/wp\/v2\/pages"}],"about":[{"href":"https:\/\/epistolariodelamemoria.cl\/2021\/wp-json\/wp\/v2\/types\/page"}],"author":[{"embeddable":true,"href":"https:\/\/epistolariodelamemoria.cl\/2021\/wp-json\/wp\/v2\/users\/1"}],"replies":[{"embeddable":true,"href":"https:\/\/epistolariodelamemoria.cl\/2021\/wp-json\/wp\/v2\/comments?post=6"}],"version-history":[{"count":12,"href":"https:\/\/epistolariodelamemoria.cl\/2021\/wp-json\/wp\/v2\/pages\/6\/revisions"}],"predecessor-version":[{"id":721,"href":"https:\/\/epistolariodelamemoria.cl\/2021\/wp-json\/wp\/v2\/pages\/6\/revisions\/721"}],"wp:attachment":[{"href":"https:\/\/epistolariodelamemoria.cl\/2021\/wp-json\/wp\/v2\/media?parent=6"}],"curies":[{"name":"wp","href":"https:\/\/api.w.org\/{rel}","templated":true}]}}